{"id":816,"date":"2019-07-22T10:02:52","date_gmt":"2019-07-22T10:02:52","guid":{"rendered":"http:\/\/tourteatro.com\/modernism\/"},"modified":"2023-01-31T19:47:06","modified_gmt":"2023-01-31T19:47:06","slug":"modernism","status":"publish","type":"page","link":"https:\/\/mallorcapremiumtours.com\/en\/palma-walking-tours\/discover-old-town-palma\/modernism\/","title":{"rendered":"info Modernism"},"content":{"rendered":"\t\t<div data-elementor-type=\"wp-post\" data-elementor-id=\"816\" class=\"elementor elementor-816 elementor-588\" data-elementor-post-type=\"page\">\n\t\t\t\t\t\t<section class=\"elementor-section elementor-top-section elementor-element elementor-element-19369b2 elementor-section-stretched elementor-section-full_width elementor-section-height-default elementor-section-height-default\" data-id=\"19369b2\" data-element_type=\"section\" data-e-type=\"section\" data-settings=\"{&quot;stretch_section&quot;:&quot;section-stretched&quot;,&quot;background_background&quot;:&quot;classic&quot;}\">\n\t\t\t\t\t\t\t<div class=\"elementor-background-overlay\"><\/div>\n\t\t\t\t\t\t\t<div class=\"elementor-container elementor-column-gap-default\">\n\t\t\t\t\t<div class=\"elementor-column elementor-col-100 elementor-top-column elementor-element elementor-element-324628cb\" data-id=\"324628cb\" data-element_type=\"column\" data-e-type=\"column\">\n\t\t\t<div class=\"elementor-widget-wrap elementor-element-populated\">\n\t\t\t\t\t\t<div class=\"elementor-element elementor-element-393395d elementor-widget elementor-widget-template\" data-id=\"393395d\" data-element_type=\"widget\" data-e-type=\"widget\" data-widget_type=\"template.default\">\n\t\t\t\t<div class=\"elementor-widget-container\">\n\t\t\t\t\t\t\t<div class=\"elementor-template\">\n\t\t\t\t\t<div data-elementor-type=\"section\" data-elementor-id=\"11304\" class=\"elementor elementor-11304 elementor-3636 elementor-3636\" data-elementor-post-type=\"elementor_library\">\n\t\t\t\t\t<section class=\"elementor-section elementor-top-section elementor-element elementor-element-fd690a0 elementor-section-full_width elementor-section-stretched elementor-section-height-default elementor-section-height-default\" data-id=\"fd690a0\" data-element_type=\"section\" data-e-type=\"section\" data-settings=\"{&quot;stretch_section&quot;:&quot;section-stretched&quot;,&quot;background_background&quot;:&quot;gradient&quot;}\">\n\t\t\t\t\t\t<div class=\"elementor-container elementor-column-gap-default\">\n\t\t\t\t\t<div class=\"elementor-column elementor-col-100 elementor-top-column elementor-element elementor-element-0ec7cf0\" data-id=\"0ec7cf0\" data-element_type=\"column\" data-e-type=\"column\">\n\t\t\t<div class=\"elementor-widget-wrap elementor-element-populated\">\n\t\t\t\t\t\t<section class=\"elementor-section elementor-inner-section elementor-element elementor-element-c8a8cc4 elementor-section-boxed elementor-section-height-default elementor-section-height-default\" data-id=\"c8a8cc4\" data-element_type=\"section\" data-e-type=\"section\">\n\t\t\t\t\t\t<div class=\"elementor-container elementor-column-gap-default\">\n\t\t\t\t\t<div class=\"elementor-column elementor-col-50 elementor-inner-column elementor-element elementor-element-0429db6\" data-id=\"0429db6\" data-element_type=\"column\" data-e-type=\"column\">\n\t\t\t<div class=\"elementor-widget-wrap elementor-element-populated\">\n\t\t\t\t\t\t<div class=\"elementor-element elementor-element-a8ef534 animated-fast elementor-invisible elementor-widget elementor-widget-theme-site-logo elementor-widget-image\" data-id=\"a8ef534\" data-element_type=\"widget\" data-e-type=\"widget\" data-settings=\"{&quot;_animation&quot;:&quot;zoomIn&quot;}\" data-widget_type=\"theme-site-logo.default\">\n\t\t\t\t<div class=\"elementor-widget-container\">\n\t\t\t\t\t\t\t\t\t\t\t<a href=\"https:\/\/mallorcapremiumtours.com\/en\/\">\n\t\t\t<img decoding=\"async\" width=\"505\" height=\"518\" data-src=\"https:\/\/mallorcapremiumtours.com\/\/wp-content\/uploads\/2020\/03\/logotipo-mallorca-premium-tours-sin-fondo-reducida-ING.png\" class=\"attachment-full size-full wp-image-13936 lazyload\" alt=\"Mallorca Premium Tours logo\" data-srcset=\"https:\/\/mallorcapremiumtours.com\/\/wp-content\/uploads\/2020\/03\/logotipo-mallorca-premium-tours-sin-fondo-reducida-ING.png 505w, https:\/\/mallorcapremiumtours.com\/\/wp-content\/uploads\/2020\/03\/logotipo-mallorca-premium-tours-sin-fondo-reducida-ING-292x300.png 292w\" data-sizes=\"(max-width: 505px) 100vw, 505px\" src=\"data:image\/svg+xml;base64,PHN2ZyB3aWR0aD0iMSIgaGVpZ2h0PSIxIiB4bWxucz0iaHR0cDovL3d3dy53My5vcmcvMjAwMC9zdmciPjwvc3ZnPg==\" style=\"--smush-placeholder-width: 505px; --smush-placeholder-aspect-ratio: 505\/518;\" \/>\t\t\t\t<\/a>\n\t\t\t\t\t\t\t\t\t\t\t<\/div>\n\t\t\t\t<\/div>\n\t\t\t\t\t<\/div>\n\t\t<\/div>\n\t\t\t\t<div class=\"elementor-column elementor-col-50 elementor-inner-column elementor-element elementor-element-0fcc778\" data-id=\"0fcc778\" data-element_type=\"column\" data-e-type=\"column\">\n\t\t\t<div class=\"elementor-widget-wrap elementor-element-populated\">\n\t\t\t\t\t\t<div class=\"elementor-element elementor-element-4a9abb8 elementor-nav-menu__align-center elementor-nav-menu--dropdown-mobile elementor-nav-menu--stretch elementor-nav-menu__text-align-center elementor-widget elementor-widget-nav-menu\" data-id=\"4a9abb8\" data-element_type=\"widget\" data-e-type=\"widget\" data-settings=\"{&quot;full_width&quot;:&quot;stretch&quot;,&quot;submenu_icon&quot;:{&quot;value&quot;:&quot;&lt;i class=\\&quot;fas fa-angle-down\\&quot; aria-hidden=\\&quot;true\\&quot;&gt;&lt;\\\/i&gt;&quot;,&quot;library&quot;:&quot;fa-solid&quot;},&quot;layout&quot;:&quot;horizontal&quot;}\" data-widget_type=\"nav-menu.default\">\n\t\t\t\t<div class=\"elementor-widget-container\">\n\t\t\t\t\t\t\t\t<nav aria-label=\"Menu\" class=\"elementor-nav-menu--main elementor-nav-menu__container elementor-nav-menu--layout-horizontal e--pointer-background e--animation-grow\">\n\t\t\t\t<ul id=\"menu-1-4a9abb8\" class=\"elementor-nav-menu\"><li class=\"menu-item menu-item-type-post_type menu-item-object-page menu-item-has-children menu-item-2916\"><a href=\"https:\/\/mallorcapremiumtours.com\/en\/palma-walking-tours\/\" class=\"elementor-item\">Visit Palma<\/a>\n<ul class=\"sub-menu elementor-nav-menu--dropdown\">\n\t<li class=\"menu-item menu-item-type-post_type menu-item-object-page menu-item-8300\"><a href=\"https:\/\/mallorcapremiumtours.com\/en\/palma-walking-tours\/cathedral-of-mallorca\/\" title=\"Private guided visit to Mallorca Cathedral in Palma\" class=\"elementor-sub-item\">Visit Cathedral of Mallorca<\/a><\/li>\n\t<li class=\"menu-item menu-item-type-post_type menu-item-object-page menu-item-8209\"><a href=\"https:\/\/mallorcapremiumtours.com\/en\/palma-walking-tours\/discover-old-town-palma\/\" title=\"Private walking tour of Palma Old Town with official guide\" class=\"elementor-sub-item\">Visit Palma Old Town<\/a><\/li>\n\t<li class=\"menu-item menu-item-type-post_type menu-item-object-page menu-item-8288\"><a href=\"https:\/\/mallorcapremiumtours.com\/en\/palma-walking-tours\/mysteries-and-legends-of-palma\/\" title=\"Evening private tour of mysteries and legends in Palma\" class=\"elementor-sub-item\">Mysteries and legends of Palma<\/a><\/li>\n<\/ul>\n<\/li>\n<li class=\"menu-item menu-item-type-post_type menu-item-object-page menu-item-has-children menu-item-2935\"><a href=\"https:\/\/mallorcapremiumtours.com\/en\/tours-mallorca\/\" class=\"elementor-item\">Tours in Mallorca<\/a>\n<ul class=\"sub-menu elementor-nav-menu--dropdown\">\n\t<li class=\"menu-item menu-item-type-post_type menu-item-object-page menu-item-17788\"><a href=\"https:\/\/mallorcapremiumtours.com\/en\/tours-mallorca\/palma-valldemossa-4h\/\" title=\"Private half-day tour to Palma and Valldemossa with driver-guide\" class=\"elementor-sub-item\">Private Tour Palma &amp; Valldemossa (4h)<\/a><\/li>\n\t<li class=\"menu-item menu-item-type-post_type menu-item-object-page menu-item-17787\"><a href=\"https:\/\/mallorcapremiumtours.com\/en\/tours-mallorca\/cathedral-lonja-bellver-palma-4h\/\" title=\"Private tour of Palma highlights including Cathedral and Bellver Castle\" class=\"elementor-sub-item\">Palma must-see: Cathedral, Lonja and Bellver Castle (4h)<\/a><\/li>\n\t<li class=\"menu-item menu-item-type-post_type menu-item-object-page menu-item-8414\"><a href=\"https:\/\/mallorcapremiumtours.com\/en\/tours-mallorca\/valldemossa-and-soller\/\" title=\"Full-day private tour to Valldemossa and S\u00f3ller from Palma\" class=\"elementor-sub-item\">Valldemossa and S\u00f3ller (8h)<\/a><\/li>\n\t<li class=\"menu-item menu-item-type-post_type menu-item-object-page menu-item-23527\"><a href=\"https:\/\/mallorcapremiumtours.com\/en\/wine-cellar-tour-mallorca\/\" class=\"elementor-sub-item\">Wine cellar tour in Mallorca<\/a><\/li>\n\t<li class=\"menu-item menu-item-type-post_type menu-item-object-page menu-item-8391\"><a href=\"https:\/\/mallorcapremiumtours.com\/en\/tours-mallorca\/arta-and-caves-of-arta\/\" title=\"Private excursion to Art\u00e0 village and the Caves of Art\u00e0\" class=\"elementor-sub-item\">Art\u00e0 and caves of Art\u00e0<\/a><\/li>\n<\/ul>\n<\/li>\n<li class=\"menu-item menu-item-type-post_type menu-item-object-page menu-item-16913\"><a href=\"https:\/\/mallorcapremiumtours.com\/en\/about-us\/\" class=\"elementor-item\">About us<\/a><\/li>\n<li class=\"menu-item menu-item-type-post_type menu-item-object-page menu-item-7016\"><a href=\"https:\/\/mallorcapremiumtours.com\/en\/blog-mallorca-premium-tours\/\" class=\"elementor-item\">Blog<\/a><\/li>\n<li class=\"menu-item menu-item-type-post_type menu-item-object-page menu-item-13944\"><a href=\"https:\/\/mallorcapremiumtours.com\/en\/contact\/\" class=\"elementor-item\">Contact<\/a><\/li>\n<li class=\"menu-item wpml-ls-slot-6 wpml-ls-item wpml-ls-item-es wpml-ls-menu-item wpml-ls-first-item menu-item-type-wpml_ls_menu_item menu-item-object-wpml_ls_menu_item menu-item-wpml-ls-6-es\"><a href=\"https:\/\/mallorcapremiumtours.com\/\" title=\"Switch to Spanish\" aria-label=\"Switch to Spanish\" class=\"elementor-item\"><img decoding=\"async\"\n            class=\"wpml-ls-flag lazyload\"\n            data-src=\"https:\/\/mallorcapremiumtours.com\/wp-content\/plugins\/sitepress-multilingual-cms\/res\/flags\/es.png\"\n            alt=\"Spanish\"\n           \n            width=18\n            height=12\n src=\"data:image\/svg+xml;base64,PHN2ZyB3aWR0aD0iMSIgaGVpZ2h0PSIxIiB4bWxucz0iaHR0cDovL3d3dy53My5vcmcvMjAwMC9zdmciPjwvc3ZnPg==\" style=\"--smush-placeholder-width: 18px; --smush-placeholder-aspect-ratio: 18\/12;\" \/><\/a><\/li>\n<li class=\"menu-item wpml-ls-slot-6 wpml-ls-item wpml-ls-item-en wpml-ls-current-language wpml-ls-menu-item menu-item-type-wpml_ls_menu_item menu-item-object-wpml_ls_menu_item menu-item-wpml-ls-6-en\"><a href=\"https:\/\/mallorcapremiumtours.com\/en\/\" aria-current=\"page\" class=\"elementor-item\"><img decoding=\"async\"\n            class=\"wpml-ls-flag lazyload\"\n            data-src=\"https:\/\/mallorcapremiumtours.com\/wp-content\/plugins\/sitepress-multilingual-cms\/res\/flags\/en.png\"\n            alt=\"English\"\n           \n            width=18\n            height=12\n src=\"data:image\/svg+xml;base64,PHN2ZyB3aWR0aD0iMSIgaGVpZ2h0PSIxIiB4bWxucz0iaHR0cDovL3d3dy53My5vcmcvMjAwMC9zdmciPjwvc3ZnPg==\" style=\"--smush-placeholder-width: 18px; --smush-placeholder-aspect-ratio: 18\/12;\" \/><\/a><\/li>\n<li class=\"menu-item wpml-ls-slot-6 wpml-ls-item wpml-ls-item-fr wpml-ls-menu-item menu-item-type-wpml_ls_menu_item menu-item-object-wpml_ls_menu_item menu-item-wpml-ls-6-fr\"><a href=\"https:\/\/mallorcapremiumtours.com\/fr\/\" title=\"Switch to French\" aria-label=\"Switch to French\" class=\"elementor-item\"><img decoding=\"async\"\n            class=\"wpml-ls-flag lazyload\"\n            data-src=\"https:\/\/mallorcapremiumtours.com\/wp-content\/plugins\/sitepress-multilingual-cms\/res\/flags\/fr.png\"\n            alt=\"French\"\n           \n            width=18\n            height=12\n src=\"data:image\/svg+xml;base64,PHN2ZyB3aWR0aD0iMSIgaGVpZ2h0PSIxIiB4bWxucz0iaHR0cDovL3d3dy53My5vcmcvMjAwMC9zdmciPjwvc3ZnPg==\" style=\"--smush-placeholder-width: 18px; --smush-placeholder-aspect-ratio: 18\/12;\" \/><\/a><\/li>\n<li class=\"menu-item wpml-ls-slot-6 wpml-ls-item wpml-ls-item-de wpml-ls-menu-item wpml-ls-last-item menu-item-type-wpml_ls_menu_item menu-item-object-wpml_ls_menu_item menu-item-wpml-ls-6-de\"><a href=\"https:\/\/mallorcapremiumtours.com\/de\/\" title=\"Switch to German\" aria-label=\"Switch to German\" class=\"elementor-item\"><img decoding=\"async\"\n            class=\"wpml-ls-flag lazyload\"\n            data-src=\"https:\/\/mallorcapremiumtours.com\/wp-content\/plugins\/sitepress-multilingual-cms\/res\/flags\/de.png\"\n            alt=\"German\"\n           \n            width=18\n            height=12\n src=\"data:image\/svg+xml;base64,PHN2ZyB3aWR0aD0iMSIgaGVpZ2h0PSIxIiB4bWxucz0iaHR0cDovL3d3dy53My5vcmcvMjAwMC9zdmciPjwvc3ZnPg==\" style=\"--smush-placeholder-width: 18px; --smush-placeholder-aspect-ratio: 18\/12;\" \/><\/a><\/li>\n<\/ul>\t\t\t<\/nav>\n\t\t\t\t\t\t<nav class=\"elementor-nav-menu--dropdown elementor-nav-menu__container\" aria-hidden=\"true\">\n\t\t\t\t<ul id=\"menu-2-4a9abb8\" class=\"elementor-nav-menu\"><li class=\"menu-item menu-item-type-post_type menu-item-object-page menu-item-has-children menu-item-2916\"><a href=\"https:\/\/mallorcapremiumtours.com\/en\/palma-walking-tours\/\" class=\"elementor-item\" tabindex=\"-1\">Visit Palma<\/a>\n<ul class=\"sub-menu elementor-nav-menu--dropdown\">\n\t<li class=\"menu-item menu-item-type-post_type menu-item-object-page menu-item-8300\"><a href=\"https:\/\/mallorcapremiumtours.com\/en\/palma-walking-tours\/cathedral-of-mallorca\/\" title=\"Private guided visit to Mallorca Cathedral in Palma\" class=\"elementor-sub-item\" tabindex=\"-1\">Visit Cathedral of Mallorca<\/a><\/li>\n\t<li class=\"menu-item menu-item-type-post_type menu-item-object-page menu-item-8209\"><a href=\"https:\/\/mallorcapremiumtours.com\/en\/palma-walking-tours\/discover-old-town-palma\/\" title=\"Private walking tour of Palma Old Town with official guide\" class=\"elementor-sub-item\" tabindex=\"-1\">Visit Palma Old Town<\/a><\/li>\n\t<li class=\"menu-item menu-item-type-post_type menu-item-object-page menu-item-8288\"><a href=\"https:\/\/mallorcapremiumtours.com\/en\/palma-walking-tours\/mysteries-and-legends-of-palma\/\" title=\"Evening private tour of mysteries and legends in Palma\" class=\"elementor-sub-item\" tabindex=\"-1\">Mysteries and legends of Palma<\/a><\/li>\n<\/ul>\n<\/li>\n<li class=\"menu-item menu-item-type-post_type menu-item-object-page menu-item-has-children menu-item-2935\"><a href=\"https:\/\/mallorcapremiumtours.com\/en\/tours-mallorca\/\" class=\"elementor-item\" tabindex=\"-1\">Tours in Mallorca<\/a>\n<ul class=\"sub-menu elementor-nav-menu--dropdown\">\n\t<li class=\"menu-item menu-item-type-post_type menu-item-object-page menu-item-17788\"><a href=\"https:\/\/mallorcapremiumtours.com\/en\/tours-mallorca\/palma-valldemossa-4h\/\" title=\"Private half-day tour to Palma and Valldemossa with driver-guide\" class=\"elementor-sub-item\" tabindex=\"-1\">Private Tour Palma &amp; Valldemossa (4h)<\/a><\/li>\n\t<li class=\"menu-item menu-item-type-post_type menu-item-object-page menu-item-17787\"><a href=\"https:\/\/mallorcapremiumtours.com\/en\/tours-mallorca\/cathedral-lonja-bellver-palma-4h\/\" title=\"Private tour of Palma highlights including Cathedral and Bellver Castle\" class=\"elementor-sub-item\" tabindex=\"-1\">Palma must-see: Cathedral, Lonja and Bellver Castle (4h)<\/a><\/li>\n\t<li class=\"menu-item menu-item-type-post_type menu-item-object-page menu-item-8414\"><a href=\"https:\/\/mallorcapremiumtours.com\/en\/tours-mallorca\/valldemossa-and-soller\/\" title=\"Full-day private tour to Valldemossa and S\u00f3ller from Palma\" class=\"elementor-sub-item\" tabindex=\"-1\">Valldemossa and S\u00f3ller (8h)<\/a><\/li>\n\t<li class=\"menu-item menu-item-type-post_type menu-item-object-page menu-item-23527\"><a href=\"https:\/\/mallorcapremiumtours.com\/en\/wine-cellar-tour-mallorca\/\" class=\"elementor-sub-item\" tabindex=\"-1\">Wine cellar tour in Mallorca<\/a><\/li>\n\t<li class=\"menu-item menu-item-type-post_type menu-item-object-page menu-item-8391\"><a href=\"https:\/\/mallorcapremiumtours.com\/en\/tours-mallorca\/arta-and-caves-of-arta\/\" title=\"Private excursion to Art\u00e0 village and the Caves of Art\u00e0\" class=\"elementor-sub-item\" tabindex=\"-1\">Art\u00e0 and caves of Art\u00e0<\/a><\/li>\n<\/ul>\n<\/li>\n<li class=\"menu-item menu-item-type-post_type menu-item-object-page menu-item-16913\"><a href=\"https:\/\/mallorcapremiumtours.com\/en\/about-us\/\" class=\"elementor-item\" tabindex=\"-1\">About us<\/a><\/li>\n<li class=\"menu-item menu-item-type-post_type menu-item-object-page menu-item-7016\"><a href=\"https:\/\/mallorcapremiumtours.com\/en\/blog-mallorca-premium-tours\/\" class=\"elementor-item\" tabindex=\"-1\">Blog<\/a><\/li>\n<li class=\"menu-item menu-item-type-post_type menu-item-object-page menu-item-13944\"><a href=\"https:\/\/mallorcapremiumtours.com\/en\/contact\/\" class=\"elementor-item\" tabindex=\"-1\">Contact<\/a><\/li>\n<li class=\"menu-item wpml-ls-slot-6 wpml-ls-item wpml-ls-item-es wpml-ls-menu-item wpml-ls-first-item menu-item-type-wpml_ls_menu_item menu-item-object-wpml_ls_menu_item menu-item-wpml-ls-6-es\"><a href=\"https:\/\/mallorcapremiumtours.com\/\" title=\"Switch to Spanish\" aria-label=\"Switch to Spanish\" class=\"elementor-item\" tabindex=\"-1\"><img decoding=\"async\"\n            class=\"wpml-ls-flag lazyload\"\n            data-src=\"https:\/\/mallorcapremiumtours.com\/wp-content\/plugins\/sitepress-multilingual-cms\/res\/flags\/es.png\"\n            alt=\"Spanish\"\n           \n            width=18\n            height=12\n src=\"data:image\/svg+xml;base64,PHN2ZyB3aWR0aD0iMSIgaGVpZ2h0PSIxIiB4bWxucz0iaHR0cDovL3d3dy53My5vcmcvMjAwMC9zdmciPjwvc3ZnPg==\" style=\"--smush-placeholder-width: 18px; --smush-placeholder-aspect-ratio: 18\/12;\" \/><\/a><\/li>\n<li class=\"menu-item wpml-ls-slot-6 wpml-ls-item wpml-ls-item-en wpml-ls-current-language wpml-ls-menu-item menu-item-type-wpml_ls_menu_item menu-item-object-wpml_ls_menu_item menu-item-wpml-ls-6-en\"><a href=\"https:\/\/mallorcapremiumtours.com\/en\/\" aria-current=\"page\" class=\"elementor-item\" tabindex=\"-1\"><img decoding=\"async\"\n            class=\"wpml-ls-flag lazyload\"\n            data-src=\"https:\/\/mallorcapremiumtours.com\/wp-content\/plugins\/sitepress-multilingual-cms\/res\/flags\/en.png\"\n            alt=\"English\"\n           \n            width=18\n            height=12\n src=\"data:image\/svg+xml;base64,PHN2ZyB3aWR0aD0iMSIgaGVpZ2h0PSIxIiB4bWxucz0iaHR0cDovL3d3dy53My5vcmcvMjAwMC9zdmciPjwvc3ZnPg==\" style=\"--smush-placeholder-width: 18px; --smush-placeholder-aspect-ratio: 18\/12;\" \/><\/a><\/li>\n<li class=\"menu-item wpml-ls-slot-6 wpml-ls-item wpml-ls-item-fr wpml-ls-menu-item menu-item-type-wpml_ls_menu_item menu-item-object-wpml_ls_menu_item menu-item-wpml-ls-6-fr\"><a href=\"https:\/\/mallorcapremiumtours.com\/fr\/\" title=\"Switch to French\" aria-label=\"Switch to French\" class=\"elementor-item\" tabindex=\"-1\"><img decoding=\"async\"\n            class=\"wpml-ls-flag lazyload\"\n            data-src=\"https:\/\/mallorcapremiumtours.com\/wp-content\/plugins\/sitepress-multilingual-cms\/res\/flags\/fr.png\"\n            alt=\"French\"\n           \n            width=18\n            height=12\n src=\"data:image\/svg+xml;base64,PHN2ZyB3aWR0aD0iMSIgaGVpZ2h0PSIxIiB4bWxucz0iaHR0cDovL3d3dy53My5vcmcvMjAwMC9zdmciPjwvc3ZnPg==\" style=\"--smush-placeholder-width: 18px; --smush-placeholder-aspect-ratio: 18\/12;\" \/><\/a><\/li>\n<li class=\"menu-item wpml-ls-slot-6 wpml-ls-item wpml-ls-item-de wpml-ls-menu-item wpml-ls-last-item menu-item-type-wpml_ls_menu_item menu-item-object-wpml_ls_menu_item menu-item-wpml-ls-6-de\"><a href=\"https:\/\/mallorcapremiumtours.com\/de\/\" title=\"Switch to German\" aria-label=\"Switch to German\" class=\"elementor-item\" tabindex=\"-1\"><img decoding=\"async\"\n            class=\"wpml-ls-flag lazyload\"\n            data-src=\"https:\/\/mallorcapremiumtours.com\/wp-content\/plugins\/sitepress-multilingual-cms\/res\/flags\/de.png\"\n            alt=\"German\"\n           \n            width=18\n            height=12\n src=\"data:image\/svg+xml;base64,PHN2ZyB3aWR0aD0iMSIgaGVpZ2h0PSIxIiB4bWxucz0iaHR0cDovL3d3dy53My5vcmcvMjAwMC9zdmciPjwvc3ZnPg==\" style=\"--smush-placeholder-width: 18px; --smush-placeholder-aspect-ratio: 18\/12;\" \/><\/a><\/li>\n<\/ul>\t\t\t<\/nav>\n\t\t\t\t\t\t<\/div>\n\t\t\t\t<\/div>\n\t\t\t\t\t<\/div>\n\t\t<\/div>\n\t\t\t\t\t<\/div>\n\t\t<\/section>\n\t\t\t\t\t<\/div>\n\t\t<\/div>\n\t\t\t\t\t<\/div>\n\t\t<\/section>\n\t\t\t\t<\/div>\n\t\t\t\t<\/div>\n\t\t\t\t\t\t<\/div>\n\t\t\t\t<\/div>\n\t\t\t\t<div class=\"elementor-element elementor-element-3d62623e animated-slow elementor--h-position-center elementor--v-position-middle elementor-arrows-position-inside elementor-pagination-position-inside elementor-invisible elementor-widget elementor-widget-slides\" data-id=\"3d62623e\" data-element_type=\"widget\" data-e-type=\"widget\" data-settings=\"{&quot;_animation&quot;:&quot;fadeIn&quot;,&quot;navigation&quot;:&quot;both&quot;,&quot;autoplay&quot;:&quot;yes&quot;,&quot;pause_on_hover&quot;:&quot;yes&quot;,&quot;pause_on_interaction&quot;:&quot;yes&quot;,&quot;autoplay_speed&quot;:5000,&quot;infinite&quot;:&quot;yes&quot;,&quot;transition&quot;:&quot;slide&quot;,&quot;transition_speed&quot;:500}\" data-widget_type=\"slides.default\">\n\t\t\t\t<div class=\"elementor-widget-container\">\n\t\t\t\t\t\t\t\t\t<div class=\"elementor-swiper\">\n\t\t\t\t\t<div class=\"elementor-slides-wrapper elementor-main-swiper swiper\" role=\"region\" aria-roledescription=\"carousel\" aria-label=\"Slides\" dir=\"ltr\" data-animation=\"zoomIn\">\n\t\t\t\t<div class=\"swiper-wrapper elementor-slides\">\n\t\t\t\t\t\t\t\t\t\t<div class=\"elementor-repeater-item-b473ca9 swiper-slide\" role=\"group\" aria-roledescription=\"slide\"><div class=\"swiper-slide-bg elementor-ken-burns elementor-ken-burns--in\" role=\"img\" aria-label=\"l&#039;\u00c0guila - Modernism in Palma\"><\/div><div class=\"swiper-slide-inner\" ><div class=\"swiper-slide-contents\"><div class=\"elementor-slide-heading\">MODERNISM<\/div><div class=\"elementor-slide-description\"><p>by <em>Mallorca Premium Tours<\/em><\/p>\n<\/div><\/div><\/div><\/div>\t\t\t\t<\/div>\n\t\t\t\t\t\t\t<\/div>\n\t\t\t\t<\/div>\n\t\t\t\t\t\t\t\t<\/div>\n\t\t\t\t<\/div>\n\t\t\t\t\t<\/div>\n\t\t<\/div>\n\t\t\t\t\t<\/div>\n\t\t<\/section>\n\t\t\t\t<section class=\"elementor-section elementor-top-section elementor-element elementor-element-24200bdb elementor-section-full_width elementor-section-content-bottom elementor-section-height-default elementor-section-height-default\" data-id=\"24200bdb\" data-element_type=\"section\" data-e-type=\"section\" data-settings=\"{&quot;background_background&quot;:&quot;classic&quot;}\">\n\t\t\t\t\t\t<div class=\"elementor-container elementor-column-gap-no\">\n\t\t\t\t\t<div class=\"elementor-column elementor-col-100 elementor-top-column elementor-element elementor-element-3c36c11e\" data-id=\"3c36c11e\" data-element_type=\"column\" data-e-type=\"column\">\n\t\t\t<div class=\"elementor-widget-wrap elementor-element-populated\">\n\t\t\t\t\t\t<div class=\"elementor-element elementor-element-12954716 elementor-view-stacked elementor-shape-circle elementor-invisible elementor-widget elementor-widget-icon\" data-id=\"12954716\" data-element_type=\"widget\" data-e-type=\"widget\" data-settings=\"{&quot;motion_fx_motion_fx_scrolling&quot;:&quot;yes&quot;,&quot;motion_fx_translateY_effect&quot;:&quot;yes&quot;,&quot;sticky&quot;:&quot;top&quot;,&quot;_animation&quot;:&quot;fadeInRight&quot;,&quot;motion_fx_translateY_affectedRange&quot;:{&quot;unit&quot;:&quot;%&quot;,&quot;size&quot;:&quot;&quot;,&quot;sizes&quot;:{&quot;start&quot;:0,&quot;end&quot;:46}},&quot;motion_fx_translateY_speed&quot;:{&quot;unit&quot;:&quot;px&quot;,&quot;size&quot;:4,&quot;sizes&quot;:[]},&quot;motion_fx_devices&quot;:[&quot;desktop&quot;,&quot;tablet&quot;,&quot;mobile&quot;],&quot;sticky_on&quot;:[&quot;desktop&quot;,&quot;tablet&quot;,&quot;mobile&quot;],&quot;sticky_offset&quot;:0,&quot;sticky_effects_offset&quot;:0,&quot;sticky_anchor_link_offset&quot;:0}\" data-widget_type=\"icon.default\">\n\t\t\t\t<div class=\"elementor-widget-container\">\n\t\t\t\t\t\t\t<div class=\"elementor-icon-wrapper\">\n\t\t\t<a class=\"elementor-icon\" href=\"#contacto\">\n\t\t\t<i aria-hidden=\"true\" class=\"fas fa-envelope\"><\/i>\t\t\t<\/a>\n\t\t<\/div>\n\t\t\t\t\t\t<\/div>\n\t\t\t\t<\/div>\n\t\t\t\t\t<\/div>\n\t\t<\/div>\n\t\t\t\t\t<\/div>\n\t\t<\/section>\n\t\t\t\t<section class=\"elementor-section elementor-top-section elementor-element elementor-element-422cc67b elementor-section-boxed elementor-section-height-default elementor-section-height-default\" data-id=\"422cc67b\" data-element_type=\"section\" data-e-type=\"section\" data-settings=\"{&quot;background_background&quot;:&quot;classic&quot;}\">\n\t\t\t\t\t\t<div class=\"elementor-container elementor-column-gap-default\">\n\t\t\t\t\t<div class=\"elementor-column elementor-col-100 elementor-top-column elementor-element elementor-element-48f90d9d\" data-id=\"48f90d9d\" data-element_type=\"column\" data-e-type=\"column\">\n\t\t\t<div class=\"elementor-widget-wrap elementor-element-populated\">\n\t\t\t\t\t\t<section class=\"elementor-section elementor-inner-section elementor-element elementor-element-735fd376 elementor-section-full_width elementor-section-height-default elementor-section-height-default\" data-id=\"735fd376\" data-element_type=\"section\" data-e-type=\"section\">\n\t\t\t\t\t\t<div class=\"elementor-container elementor-column-gap-default\">\n\t\t\t\t\t<div class=\"elementor-column elementor-col-100 elementor-inner-column elementor-element elementor-element-4d115496\" data-id=\"4d115496\" data-element_type=\"column\" data-e-type=\"column\">\n\t\t\t<div class=\"elementor-widget-wrap elementor-element-populated\">\n\t\t\t\t\t\t<div class=\"elementor-element elementor-element-5b0acf39 elementor-widget elementor-widget-heading\" data-id=\"5b0acf39\" data-element_type=\"widget\" data-e-type=\"widget\" data-widget_type=\"heading.default\">\n\t\t\t\t<div class=\"elementor-widget-container\">\n\t\t\t\t\t<h1 class=\"elementor-heading-title elementor-size-default\">Modernism in Mallorca<\/h1>\t\t\t\t<\/div>\n\t\t\t\t<\/div>\n\t\t\t\t<div class=\"elementor-element elementor-element-7345d960 elementor-widget elementor-widget-heading\" data-id=\"7345d960\" data-element_type=\"widget\" data-e-type=\"widget\" data-widget_type=\"heading.default\">\n\t\t\t\t<div class=\"elementor-widget-container\">\n\t\t\t\t\t<h2 class=\"elementor-heading-title elementor-size-large\">WALKING TOURS IN PALMA<\/h2>\t\t\t\t<\/div>\n\t\t\t\t<\/div>\n\t\t\t\t<div class=\"elementor-element elementor-element-3d3c6c32 elementor-widget elementor-widget-text-editor\" data-id=\"3d3c6c32\" data-element_type=\"widget\" data-e-type=\"widget\" data-widget_type=\"text-editor.default\">\n\t\t\t\t<div class=\"elementor-widget-container\">\n\t\t\t\t\t\t\t\t\t<p>The <strong>Modernism<\/strong> in Mallorca is also called Art Nouveau, Jugendstil, Modern Style, Floreale or Sezessionstil came up in Europe at the end of the 19th Century.<\/p><p>This new architectonical style is defined by the freedom in creation which one allows the use of the fantasy on the fa\u00e7ades, undulating shapes, vegetal motifs and animals.<\/p><p>This is an <strong>urban architecture<\/strong> and the main buildings are flats commissioned by the new bourgeoisie who have been enriched by trade and industry. Those new buildings were designed so that the whole family lived there and on the ground floor was always the family business (shops, small industries or workshops) pup<\/p>\t\t\t\t\t\t\t\t<\/div>\n\t\t\t\t<\/div>\n\t\t\t\t\t<\/div>\n\t\t<\/div>\n\t\t\t\t\t<\/div>\n\t\t<\/section>\n\t\t\t\t<section class=\"elementor-section elementor-inner-section elementor-element elementor-element-eb737ad elementor-section-boxed elementor-section-height-default elementor-section-height-default\" data-id=\"eb737ad\" data-element_type=\"section\" data-e-type=\"section\">\n\t\t\t\t\t\t<div class=\"elementor-container elementor-column-gap-default\">\n\t\t\t\t\t<div class=\"elementor-column elementor-col-50 elementor-inner-column elementor-element elementor-element-d0d0f67\" data-id=\"d0d0f67\" data-element_type=\"column\" data-e-type=\"column\">\n\t\t\t<div class=\"elementor-widget-wrap elementor-element-populated\">\n\t\t\t\t\t\t<div class=\"elementor-element elementor-element-a30a06d elementor-align-center elementor-widget elementor-widget-button\" data-id=\"a30a06d\" data-element_type=\"widget\" data-e-type=\"widget\" data-widget_type=\"button.default\">\n\t\t\t\t<div class=\"elementor-widget-container\">\n\t\t\t\t\t\t\t\t\t<div class=\"elementor-button-wrapper\">\n\t\t\t\t\t<a class=\"elementor-button elementor-button-link elementor-size-sm\" href=\"https:\/\/mallorcapremiumtours.com\/en\/palma-walking-tours\/discover-old-town-palma\/\">\n\t\t\t\t\t\t<span class=\"elementor-button-content-wrapper\">\n\t\t\t\t\t\t<span class=\"elementor-button-icon\">\n\t\t\t\t<i aria-hidden=\"true\" class=\"fas fa-info-circle\"><\/i>\t\t\t<\/span>\n\t\t\t\t\t\t\t\t\t<span class=\"elementor-button-text\">Guided tour<\/span>\n\t\t\t\t\t<\/span>\n\t\t\t\t\t<\/a>\n\t\t\t\t<\/div>\n\t\t\t\t\t\t\t\t<\/div>\n\t\t\t\t<\/div>\n\t\t\t\t\t<\/div>\n\t\t<\/div>\n\t\t\t\t<div class=\"elementor-column elementor-col-50 elementor-inner-column elementor-element elementor-element-10face5\" data-id=\"10face5\" data-element_type=\"column\" data-e-type=\"column\">\n\t\t\t<div class=\"elementor-widget-wrap elementor-element-populated\">\n\t\t\t\t\t\t<div class=\"elementor-element elementor-element-b968982 elementor-align-center elementor-widget elementor-widget-button\" data-id=\"b968982\" data-element_type=\"widget\" data-e-type=\"widget\" data-widget_type=\"button.default\">\n\t\t\t\t<div class=\"elementor-widget-container\">\n\t\t\t\t\t\t\t\t\t<div class=\"elementor-button-wrapper\">\n\t\t\t\t\t<a class=\"elementor-button elementor-button-link elementor-size-sm\" href=\"#contacto\">\n\t\t\t\t\t\t<span class=\"elementor-button-content-wrapper\">\n\t\t\t\t\t\t<span class=\"elementor-button-icon\">\n\t\t\t\t<i aria-hidden=\"true\" class=\"far fa-envelope\"><\/i>\t\t\t<\/span>\n\t\t\t\t\t\t\t\t\t<span class=\"elementor-button-text\">Book<\/span>\n\t\t\t\t\t<\/span>\n\t\t\t\t\t<\/a>\n\t\t\t\t<\/div>\n\t\t\t\t\t\t\t\t<\/div>\n\t\t\t\t<\/div>\n\t\t\t\t\t<\/div>\n\t\t<\/div>\n\t\t\t\t\t<\/div>\n\t\t<\/section>\n\t\t\t\t<section class=\"elementor-section elementor-inner-section elementor-element elementor-element-14aba99 elementor-section-full_width elementor-section-height-default elementor-section-height-default\" data-id=\"14aba99\" data-element_type=\"section\" data-e-type=\"section\">\n\t\t\t\t\t\t<div class=\"elementor-container elementor-column-gap-default\">\n\t\t\t\t\t<div class=\"elementor-column elementor-col-100 elementor-inner-column elementor-element elementor-element-f7abda4\" data-id=\"f7abda4\" data-element_type=\"column\" data-e-type=\"column\" data-settings=\"{&quot;animation_mobile&quot;:&quot;fadeIn&quot;}\">\n\t\t\t<div class=\"elementor-widget-wrap elementor-element-populated\">\n\t\t\t\t\t\t<div class=\"elementor-element elementor-element-6c368ca3 elementor-invisible elementor-widget elementor-widget-image\" data-id=\"6c368ca3\" data-element_type=\"widget\" data-e-type=\"widget\" data-settings=\"{&quot;_animation&quot;:&quot;fadeIn&quot;,&quot;_animation_tablet&quot;:&quot;fadeIn&quot;}\" data-widget_type=\"image.default\">\n\t\t\t\t<div class=\"elementor-widget-container\">\n\t\t\t\t\t\t\t\t\t\t\t\t\t\t\t<img decoding=\"async\" width=\"1536\" height=\"1152\" data-src=\"https:\/\/mallorcapremiumtours.com\/\/wp-content\/uploads\/2020\/05\/can-rey-ESP.jpg\" class=\"attachment-full size-full wp-image-6034 lazyload\" alt=\"\" data-srcset=\"https:\/\/mallorcapremiumtours.com\/\/wp-content\/uploads\/2020\/05\/can-rey-ESP.jpg 1536w, https:\/\/mallorcapremiumtours.com\/\/wp-content\/uploads\/2020\/05\/can-rey-ESP-300x225.jpg 300w, https:\/\/mallorcapremiumtours.com\/\/wp-content\/uploads\/2020\/05\/can-rey-ESP-1024x768.jpg 1024w, https:\/\/mallorcapremiumtours.com\/\/wp-content\/uploads\/2020\/05\/can-rey-ESP-768x576.jpg 768w\" data-sizes=\"(max-width: 1536px) 100vw, 1536px\" src=\"data:image\/svg+xml;base64,PHN2ZyB3aWR0aD0iMSIgaGVpZ2h0PSIxIiB4bWxucz0iaHR0cDovL3d3dy53My5vcmcvMjAwMC9zdmciPjwvc3ZnPg==\" style=\"--smush-placeholder-width: 1536px; --smush-placeholder-aspect-ratio: 1536\/1152;\" \/>\t\t\t\t\t\t\t\t\t\t\t\t\t\t\t<\/div>\n\t\t\t\t<\/div>\n\t\t\t\t\t<\/div>\n\t\t<\/div>\n\t\t\t\t\t<\/div>\n\t\t<\/section>\n\t\t\t\t<section class=\"elementor-section elementor-inner-section elementor-element elementor-element-14eb986 elementor-section-full_width elementor-section-height-default elementor-section-height-default\" data-id=\"14eb986\" data-element_type=\"section\" data-e-type=\"section\">\n\t\t\t\t\t\t<div class=\"elementor-container elementor-column-gap-default\">\n\t\t\t\t\t<div class=\"elementor-column elementor-col-100 elementor-inner-column elementor-element elementor-element-17b2e99\" data-id=\"17b2e99\" data-element_type=\"column\" data-e-type=\"column\">\n\t\t\t<div class=\"elementor-widget-wrap elementor-element-populated\">\n\t\t\t\t\t\t<div class=\"elementor-element elementor-element-5650b6e7 elementor-widget elementor-widget-heading\" data-id=\"5650b6e7\" data-element_type=\"widget\" data-e-type=\"widget\" data-widget_type=\"heading.default\">\n\t\t\t\t<div class=\"elementor-widget-container\">\n\t\t\t\t\t<h2 class=\"elementor-heading-title elementor-size-default\">Join a private Tour of Modernism<\/h2>\t\t\t\t<\/div>\n\t\t\t\t<\/div>\n\t\t\t\t<div class=\"elementor-element elementor-element-2041205e elementor-widget elementor-widget-text-editor\" data-id=\"2041205e\" data-element_type=\"widget\" data-e-type=\"widget\" data-widget_type=\"text-editor.default\">\n\t\t\t\t<div class=\"elementor-widget-container\">\n\t\t\t\t\t\t\t\t\t<p><span data-preserver-spaces=\"true\">Antoni Gaudi, the principal architect of Modernism in Spain, worked in Palma for ten years (1904-1914). His intervention can be contemplated inside the <\/span><a class=\"editor-rtfLink\" href=\"https:\/\/mallorcapremiumtours.com\/en\/palma-walking-tours\/cathedral-of-mallorca\/the-cathedral-of-mallorca\/\" target=\"_blank\" rel=\"noopener\"><span data-preserver-spaces=\"true\">Cathedral of Mallorca<\/span><\/a><span data-preserver-spaces=\"true\">.<\/span><\/p><h3 style=\"text-align: center;\"><strong><span data-preserver-spaces=\"true\">SOME OF THE MOST IMPORTANT MODERNISM BUILDINGS IN PALMA:<\/span><\/strong><\/h3><p><a class=\"editor-rtfLink\" href=\"https:\/\/caixaforum.es\/es\/web\/palma\/visitanos\" target=\"_blank\" rel=\"noopener\"><strong><span data-preserver-spaces=\"true\">Gran Hotel<\/span><\/strong><\/a><span data-preserver-spaces=\"true\"> (1901-1903): the authors of this stunning building were Lluis Dom\u00e8nech I Montaner and Jaume Aleny\u00e0. The Gran Hotel was the first Modernist building in Mallorca, and it was a pioneer in the luxury hotel industry on the island. Over time, it has been a luxury hotel, a powder keg during the Spanish Civil War, a Social Security building, and nowadays a cultural centre. The fa\u00e7ade is an exact copy of the original (destroyed during the \u201840s). The new one was made by Pere Nicolau and Jaume Martinez in 1993.<\/span><\/p><p><strong><span data-preserver-spaces=\"true\">Can Casasayas and Pensi\u00f3n Menorquina<\/span><\/strong><span data-preserver-spaces=\"true\">\u00a0(1908-1910 and 1909-1911): the architect was Francesc Roca i Sim\u00f3 and Guillem Reyn\u00e9s. Both fa\u00e7ades were residences with a shop or store on the ground floor; the family lived on the first floor, and the rest of them rented. During the \u201840s the building on the right side became Pensi\u00f3n Menorquina. On the fa\u00e7ades, you can contemplate the influence of Casa Batll\u00f3 by Gaudi in Barcelona thanks to the undulating shapes and the parabolic arches.<\/span><\/p>\t\t\t\t\t\t\t\t<\/div>\n\t\t\t\t<\/div>\n\t\t\t\t<div class=\"elementor-element elementor-element-c8e5675 elementor-widget elementor-widget-image\" data-id=\"c8e5675\" data-element_type=\"widget\" data-e-type=\"widget\" data-widget_type=\"image.default\">\n\t\t\t\t<div class=\"elementor-widget-container\">\n\t\t\t\t\t\t\t\t\t\t\t\t\t\t\t<img decoding=\"async\" width=\"768\" height=\"576\" data-src=\"https:\/\/mallorcapremiumtours.com\/\/wp-content\/uploads\/2020\/07\/DSCN8821-768x576.jpg\" class=\"attachment-medium_large size-medium_large wp-image-7714 lazyload\" alt=\"\" data-srcset=\"https:\/\/mallorcapremiumtours.com\/\/wp-content\/uploads\/2020\/07\/DSCN8821-768x576.jpg 768w, https:\/\/mallorcapremiumtours.com\/\/wp-content\/uploads\/2020\/07\/DSCN8821-300x225.jpg 300w, https:\/\/mallorcapremiumtours.com\/\/wp-content\/uploads\/2020\/07\/DSCN8821-1024x768.jpg 1024w, https:\/\/mallorcapremiumtours.com\/\/wp-content\/uploads\/2020\/07\/DSCN8821-1536x1152.jpg 1536w, https:\/\/mallorcapremiumtours.com\/\/wp-content\/uploads\/2020\/07\/DSCN8821-2048x1536.jpg 2048w\" data-sizes=\"(max-width: 768px) 100vw, 768px\" src=\"data:image\/svg+xml;base64,PHN2ZyB3aWR0aD0iMSIgaGVpZ2h0PSIxIiB4bWxucz0iaHR0cDovL3d3dy53My5vcmcvMjAwMC9zdmciPjwvc3ZnPg==\" style=\"--smush-placeholder-width: 768px; --smush-placeholder-aspect-ratio: 768\/576;\" \/>\t\t\t\t\t\t\t\t\t\t\t\t\t\t\t<\/div>\n\t\t\t\t<\/div>\n\t\t\t\t<div class=\"elementor-element elementor-element-be62111 elementor-widget elementor-widget-text-editor\" data-id=\"be62111\" data-element_type=\"widget\" data-e-type=\"widget\" data-widget_type=\"text-editor.default\">\n\t\t\t\t<div class=\"elementor-widget-container\">\n\t\t\t\t\t\t\t\t\t<p><strong>Can Forteza Rey<\/strong> (1909): This modernism building was built by Josep and Lluis Forteza Rey. Here, you can contemplate the Art Nouveau and the Gaudi influences (Casa Batll\u00f3 and Parc G\u00fcell features). It was a single-family house the ground floor was a pharmacy, the mezzanine floor was the Josep Forteza\u2019s home; the first floor the Ignacio Forteza\u2019s dental clinic and the rest of the levels were the residences of the family.<\/p><p><strong>L\u2019\u00c0guila<\/strong> (1908): Shopping centre built by Gaspar Benn\u00e0zar and Jaume Aleny\u00e0 under the influence of the Sezessionstil. It is one of the best examples of iron and crystal constructions. The fa\u00e7ade looks like a crystal box inspired by the Karlsplatz underground station in Vienna.<\/p><p><strong>Other Modernism buildings in Palma:<\/strong> Forn des Teatre, Forn Fondo, Casa Roca, Casa de les Mitges y Merceria Colon.<\/p>\t\t\t\t\t\t\t\t<\/div>\n\t\t\t\t<\/div>\n\t\t\t\t\t<\/div>\n\t\t<\/div>\n\t\t\t\t\t<\/div>\n\t\t<\/section>\n\t\t\t\t\t<\/div>\n\t\t<\/div>\n\t\t\t\t\t<\/div>\n\t\t<\/section>\n\t\t\t\t<section class=\"elementor-section elementor-top-section elementor-element elementor-element-8b6777e elementor-section-boxed elementor-section-height-default elementor-section-height-default\" data-id=\"8b6777e\" data-element_type=\"section\" data-e-type=\"section\" data-settings=\"{&quot;background_background&quot;:&quot;classic&quot;}\">\n\t\t\t\t\t\t<div class=\"elementor-container elementor-column-gap-default\">\n\t\t\t\t\t<div class=\"elementor-column elementor-col-100 elementor-top-column elementor-element elementor-element-9fff3b4\" data-id=\"9fff3b4\" data-element_type=\"column\" data-e-type=\"column\">\n\t\t\t<div class=\"elementor-widget-wrap elementor-element-populated\">\n\t\t\t\t\t\t<section class=\"elementor-section elementor-inner-section elementor-element elementor-element-bc75247 elementor-section-boxed elementor-section-height-default elementor-section-height-default\" data-id=\"bc75247\" data-element_type=\"section\" data-e-type=\"section\">\n\t\t\t\t\t\t<div class=\"elementor-container elementor-column-gap-default\">\n\t\t\t\t\t<div class=\"elementor-column elementor-col-50 elementor-inner-column elementor-element elementor-element-06511d4\" data-id=\"06511d4\" data-element_type=\"column\" data-e-type=\"column\" data-settings=\"{&quot;animation_tablet&quot;:&quot;slideInDown&quot;,&quot;animation_mobile&quot;:&quot;slideInDown&quot;}\">\n\t\t\t<div class=\"elementor-widget-wrap elementor-element-populated\">\n\t\t\t\t\t\t<div class=\"elementor-element elementor-element-9df2c21 elementor-align-center elementor-invisible elementor-widget elementor-widget-button\" data-id=\"9df2c21\" data-element_type=\"widget\" data-e-type=\"widget\" data-settings=\"{&quot;_animation&quot;:&quot;slideInDown&quot;}\" data-widget_type=\"button.default\">\n\t\t\t\t<div class=\"elementor-widget-container\">\n\t\t\t\t\t\t\t\t\t<div class=\"elementor-button-wrapper\">\n\t\t\t\t\t<a class=\"elementor-button elementor-button-link elementor-size-md\" href=\"https:\/\/mallorcapremiumtours.com\/en\/\">\n\t\t\t\t\t\t<span class=\"elementor-button-content-wrapper\">\n\t\t\t\t\t\t<span class=\"elementor-button-icon\">\n\t\t\t\t<i aria-hidden=\"true\" class=\"fas fa-bars\"><\/i>\t\t\t<\/span>\n\t\t\t\t\t\t\t\t\t<span class=\"elementor-button-text\">Home<\/span>\n\t\t\t\t\t<\/span>\n\t\t\t\t\t<\/a>\n\t\t\t\t<\/div>\n\t\t\t\t\t\t\t\t<\/div>\n\t\t\t\t<\/div>\n\t\t\t\t\t<\/div>\n\t\t<\/div>\n\t\t\t\t<div class=\"elementor-column elementor-col-50 elementor-inner-column elementor-element elementor-element-92aa785\" data-id=\"92aa785\" data-element_type=\"column\" data-e-type=\"column\" data-settings=\"{&quot;animation_tablet&quot;:&quot;slideInDown&quot;,&quot;animation_mobile&quot;:&quot;slideInDown&quot;}\">\n\t\t\t<div class=\"elementor-widget-wrap elementor-element-populated\">\n\t\t\t\t\t\t<div class=\"elementor-element elementor-element-85204c7 elementor-align-center elementor-invisible elementor-widget elementor-widget-button\" data-id=\"85204c7\" data-element_type=\"widget\" data-e-type=\"widget\" data-settings=\"{&quot;_animation&quot;:&quot;slideInDown&quot;}\" data-widget_type=\"button.default\">\n\t\t\t\t<div class=\"elementor-widget-container\">\n\t\t\t\t\t\t\t\t\t<div class=\"elementor-button-wrapper\">\n\t\t\t\t\t<a class=\"elementor-button elementor-button-link elementor-size-md\" href=\"https:\/\/mallorcapremiumtours.com\/en\/palma-walking-tours\/\">\n\t\t\t\t\t\t<span class=\"elementor-button-content-wrapper\">\n\t\t\t\t\t\t<span class=\"elementor-button-icon\">\n\t\t\t\t<i aria-hidden=\"true\" class=\"fas fa-bars\"><\/i>\t\t\t<\/span>\n\t\t\t\t\t\t\t\t\t<span class=\"elementor-button-text\">More visits in Palma<\/span>\n\t\t\t\t\t<\/span>\n\t\t\t\t\t<\/a>\n\t\t\t\t<\/div>\n\t\t\t\t\t\t\t\t<\/div>\n\t\t\t\t<\/div>\n\t\t\t\t\t<\/div>\n\t\t<\/div>\n\t\t\t\t\t<\/div>\n\t\t<\/section>\n\t\t\t\t<div class=\"elementor-element elementor-element-f624afb elementor-widget elementor-widget-spacer\" data-id=\"f624afb\" data-element_type=\"widget\" data-e-type=\"widget\" data-widget_type=\"spacer.default\">\n\t\t\t\t<div class=\"elementor-widget-container\">\n\t\t\t\t\t\t\t<div class=\"elementor-spacer\">\n\t\t\t<div class=\"elementor-spacer-inner\"><\/div>\n\t\t<\/div>\n\t\t\t\t\t\t<\/div>\n\t\t\t\t<\/div>\n\t\t\t\t\t<\/div>\n\t\t<\/div>\n\t\t\t\t\t<\/div>\n\t\t<\/section>\n\t\t\t\t<section class=\"elementor-section elementor-top-section elementor-element elementor-element-e334001 elementor-section-boxed elementor-section-height-default elementor-section-height-default\" data-id=\"e334001\" data-element_type=\"section\" data-e-type=\"section\" data-settings=\"{&quot;background_background&quot;:&quot;classic&quot;}\">\n\t\t\t\t\t\t<div class=\"elementor-container elementor-column-gap-default\">\n\t\t\t\t\t<div class=\"elementor-column elementor-col-100 elementor-top-column elementor-element elementor-element-3bd991f\" data-id=\"3bd991f\" data-element_type=\"column\" data-e-type=\"column\">\n\t\t\t<div class=\"elementor-widget-wrap elementor-element-populated\">\n\t\t\t\t\t\t<div class=\"elementor-element elementor-element-be30be8 elementor-widget elementor-widget-gallery\" data-id=\"be30be8\" data-element_type=\"widget\" data-e-type=\"widget\" data-settings=\"{&quot;lazyload&quot;:&quot;yes&quot;,&quot;gallery_layout&quot;:&quot;grid&quot;,&quot;columns&quot;:4,&quot;columns_tablet&quot;:2,&quot;columns_mobile&quot;:1,&quot;gap&quot;:{&quot;unit&quot;:&quot;px&quot;,&quot;size&quot;:10,&quot;sizes&quot;:[]},&quot;gap_tablet&quot;:{&quot;unit&quot;:&quot;px&quot;,&quot;size&quot;:10,&quot;sizes&quot;:[]},&quot;gap_mobile&quot;:{&quot;unit&quot;:&quot;px&quot;,&quot;size&quot;:10,&quot;sizes&quot;:[]},&quot;link_to&quot;:&quot;file&quot;,&quot;aspect_ratio&quot;:&quot;3:2&quot;,&quot;show_all_galleries&quot;:&quot;yes&quot;,&quot;overlay_background&quot;:&quot;yes&quot;,&quot;content_hover_animation&quot;:&quot;fade-in&quot;}\" data-widget_type=\"gallery.default\">\n\t\t\t\t<div class=\"elementor-widget-container\">\n\t\t\t\t\t\t\t\t<div class=\"elementor-gallery__titles-container e--pointer-underline e--animation-fade\" aria-label=\"Gallery filter\">\n\t\t\t\t\t\t\t\t\t<a class=\"elementor-item elementor-gallery-title\" role=\"button\" tabindex=\"0\" data-gallery-index=\"all\">\n\t\t\t\t\t\tTodo\t\t\t\t\t<\/a>\n\t\t\t\t\n\t\t\t\t\t\t\t\t\t<a class=\"elementor-item elementor-gallery-title\" role=\"button\" tabindex=\"0\" data-gallery-index=\"0\">\n\t\t\t\t\t\tNew Gallery\t\t\t\t\t<\/a>\n\t\t\t\t\t\t\t\t<\/div>\n\t\t\t\t\t<div class=\"elementor-gallery__container\">\n\t\t\t\t\t\t\t<a class=\"e-gallery-item elementor-gallery-item elementor-animated-content\" data-e-gallery-tags=\"0\" href=\"https:\/\/mallorcapremiumtours.com\/\/wp-content\/uploads\/2019\/04\/modernismo.jpg\" data-elementor-open-lightbox=\"yes\" data-elementor-lightbox-slideshow=\"be30be8\" data-elementor-lightbox-title=\"Modernismo Palma - Can Casasayas\" data-elementor-lightbox-description=\"Modernismo Palma - Can Casasayas\" data-e-action-hash=\"#elementor-action%3Aaction%3Dlightbox%26settings%3DeyJpZCI6NzIsInVybCI6Imh0dHBzOlwvXC9tYWxsb3JjYXByZW1pdW10b3Vycy5jb21cL1wvd3AtY29udGVudFwvdXBsb2Fkc1wvMjAxOVwvMDRcL21vZGVybmlzbW8uanBnIiwic2xpZGVzaG93IjoiYmUzMGJlOCJ9\">\n\t\t\t\t\t<div class=\"e-gallery-image elementor-gallery-item__image\" data-thumbnail=\"https:\/\/mallorcapremiumtours.com\/\/wp-content\/uploads\/2019\/04\/modernismo-300x199.jpg\" data-width=\"300\" data-height=\"199\" aria-label=\"Modernismo Palma - Can Casasayas\" role=\"img\" ><\/div>\n\t\t\t\t\t\t\t\t\t\t\t<div class=\"elementor-gallery-item__overlay\"><\/div>\n\t\t\t\t\t\t\t\t\t\t\t\t\t\t<\/a>\n\t\t\t\t\t\t\t<a class=\"e-gallery-item elementor-gallery-item elementor-animated-content\" data-e-gallery-tags=\"0\" href=\"https:\/\/mallorcapremiumtours.com\/\/wp-content\/uploads\/2020\/07\/DSCN8822-scaled.jpg\" data-elementor-open-lightbox=\"yes\" data-elementor-lightbox-slideshow=\"be30be8\" data-elementor-lightbox-title=\"Can Rey - Modernismo Palma\" data-e-action-hash=\"#elementor-action%3Aaction%3Dlightbox%26settings%3DeyJpZCI6NzcxNiwidXJsIjoiaHR0cHM6XC9cL21hbGxvcmNhcHJlbWl1bXRvdXJzLmNvbVwvXC93cC1jb250ZW50XC91cGxvYWRzXC8yMDIwXC8wN1wvRFNDTjg4MjItc2NhbGVkLmpwZyIsInNsaWRlc2hvdyI6ImJlMzBiZTgifQ%3D%3D\">\n\t\t\t\t\t<div class=\"e-gallery-image elementor-gallery-item__image\" data-thumbnail=\"https:\/\/mallorcapremiumtours.com\/\/wp-content\/uploads\/2020\/07\/DSCN8822-300x225.jpg\" data-width=\"300\" data-height=\"225\" aria-label=\"\" role=\"img\" ><\/div>\n\t\t\t\t\t\t\t\t\t\t\t<div class=\"elementor-gallery-item__overlay\"><\/div>\n\t\t\t\t\t\t\t\t\t\t\t\t\t\t<\/a>\n\t\t\t\t\t\t\t<a class=\"e-gallery-item elementor-gallery-item elementor-animated-content\" data-e-gallery-tags=\"0\" href=\"https:\/\/mallorcapremiumtours.com\/\/wp-content\/uploads\/2020\/04\/DSCN5452-min-scaled.jpg\" data-elementor-open-lightbox=\"yes\" data-elementor-lightbox-slideshow=\"be30be8\" data-elementor-lightbox-title=\"Modernismo Palma -  Can Rey\" data-elementor-lightbox-description=\"Fachada Can Rey - Modernismo en Palma\" data-e-action-hash=\"#elementor-action%3Aaction%3Dlightbox%26settings%3DeyJpZCI6NDUzOCwidXJsIjoiaHR0cHM6XC9cL21hbGxvcmNhcHJlbWl1bXRvdXJzLmNvbVwvXC93cC1jb250ZW50XC91cGxvYWRzXC8yMDIwXC8wNFwvRFNDTjU0NTItbWluLXNjYWxlZC5qcGciLCJzbGlkZXNob3ciOiJiZTMwYmU4In0%3D\">\n\t\t\t\t\t<div class=\"e-gallery-image elementor-gallery-item__image\" data-thumbnail=\"https:\/\/mallorcapremiumtours.com\/\/wp-content\/uploads\/2020\/04\/DSCN5452-min-300x225.jpg\" data-width=\"300\" data-height=\"225\" aria-label=\"Modernismo Palma - Can Rey\" role=\"img\" ><\/div>\n\t\t\t\t\t\t\t\t\t\t\t<div class=\"elementor-gallery-item__overlay\"><\/div>\n\t\t\t\t\t\t\t\t\t\t\t\t\t\t<\/a>\n\t\t\t\t\t\t\t<a class=\"e-gallery-item elementor-gallery-item elementor-animated-content\" data-e-gallery-tags=\"0\" href=\"https:\/\/mallorcapremiumtours.com\/\/wp-content\/uploads\/2020\/04\/DSCN6514-scaled.jpg\" data-elementor-open-lightbox=\"yes\" data-elementor-lightbox-slideshow=\"be30be8\" data-elementor-lightbox-title=\"Modernismo en Palma\" data-elementor-lightbox-description=\"Edificio de estilo modernista en Palma de Mallorca - Can Forteza Rey\" data-e-action-hash=\"#elementor-action%3Aaction%3Dlightbox%26settings%3DeyJpZCI6NDcwNywidXJsIjoiaHR0cHM6XC9cL21hbGxvcmNhcHJlbWl1bXRvdXJzLmNvbVwvXC93cC1jb250ZW50XC91cGxvYWRzXC8yMDIwXC8wNFwvRFNDTjY1MTQtc2NhbGVkLmpwZyIsInNsaWRlc2hvdyI6ImJlMzBiZTgifQ%3D%3D\">\n\t\t\t\t\t<div class=\"e-gallery-image elementor-gallery-item__image\" data-thumbnail=\"https:\/\/mallorcapremiumtours.com\/\/wp-content\/uploads\/2020\/04\/DSCN6514-300x225.jpg\" data-width=\"300\" data-height=\"225\" aria-label=\"Modernismo\" role=\"img\" ><\/div>\n\t\t\t\t\t\t\t\t\t\t\t<div class=\"elementor-gallery-item__overlay\"><\/div>\n\t\t\t\t\t\t\t\t\t\t\t\t\t\t<\/a>\n\t\t\t\t\t\t\t<a class=\"e-gallery-item elementor-gallery-item elementor-animated-content\" data-e-gallery-tags=\"0\" href=\"https:\/\/mallorcapremiumtours.com\/\/wp-content\/uploads\/2020\/07\/DSCN8821-scaled.jpg\" data-elementor-open-lightbox=\"yes\" data-elementor-lightbox-slideshow=\"be30be8\" data-elementor-lightbox-title=\"l&#039;\u00c0guila - Modernismo en Palma\" data-e-action-hash=\"#elementor-action%3Aaction%3Dlightbox%26settings%3DeyJpZCI6NzcxMywidXJsIjoiaHR0cHM6XC9cL21hbGxvcmNhcHJlbWl1bXRvdXJzLmNvbVwvXC93cC1jb250ZW50XC91cGxvYWRzXC8yMDIwXC8wN1wvRFNDTjg4MjEtc2NhbGVkLmpwZyIsInNsaWRlc2hvdyI6ImJlMzBiZTgifQ%3D%3D\">\n\t\t\t\t\t<div class=\"e-gallery-image elementor-gallery-item__image\" data-thumbnail=\"https:\/\/mallorcapremiumtours.com\/\/wp-content\/uploads\/2020\/07\/DSCN8821-300x225.jpg\" data-width=\"300\" data-height=\"225\" aria-label=\"\" role=\"img\" ><\/div>\n\t\t\t\t\t\t\t\t\t\t\t<div class=\"elementor-gallery-item__overlay\"><\/div>\n\t\t\t\t\t\t\t\t\t\t\t\t\t\t<\/a>\n\t\t\t\t\t\t\t<a class=\"e-gallery-item elementor-gallery-item elementor-animated-content\" data-e-gallery-tags=\"0\" href=\"https:\/\/mallorcapremiumtours.com\/\/wp-content\/uploads\/2020\/04\/IMG_20181129_113653-scaled.jpg\" data-elementor-open-lightbox=\"yes\" data-elementor-lightbox-slideshow=\"be30be8\" data-elementor-lightbox-title=\"Modernismo Palma - Forn des Teatre\" data-elementor-lightbox-description=\"Fachada de Forn des Teatre - Modernismo en Palma\" data-e-action-hash=\"#elementor-action%3Aaction%3Dlightbox%26settings%3DeyJpZCI6NDU0MSwidXJsIjoiaHR0cHM6XC9cL21hbGxvcmNhcHJlbWl1bXRvdXJzLmNvbVwvXC93cC1jb250ZW50XC91cGxvYWRzXC8yMDIwXC8wNFwvSU1HXzIwMTgxMTI5XzExMzY1My1zY2FsZWQuanBnIiwic2xpZGVzaG93IjoiYmUzMGJlOCJ9\">\n\t\t\t\t\t<div class=\"e-gallery-image elementor-gallery-item__image\" data-thumbnail=\"https:\/\/mallorcapremiumtours.com\/\/wp-content\/uploads\/2020\/04\/IMG_20181129_113653-225x300.jpg\" data-width=\"225\" data-height=\"300\" aria-label=\"Modernismo Palma - Forn des Teatre\" role=\"img\" ><\/div>\n\t\t\t\t\t\t\t\t\t\t\t<div class=\"elementor-gallery-item__overlay\"><\/div>\n\t\t\t\t\t\t\t\t\t\t\t\t\t\t<\/a>\n\t\t\t\t\t\t\t<a class=\"e-gallery-item elementor-gallery-item elementor-animated-content\" data-e-gallery-tags=\"0\" href=\"https:\/\/mallorcapremiumtours.com\/\/wp-content\/uploads\/2020\/08\/DSCN8554-scaled.jpg\" data-elementor-open-lightbox=\"yes\" data-elementor-lightbox-slideshow=\"be30be8\" data-elementor-lightbox-title=\"Gran Hotel de Palma\" data-e-action-hash=\"#elementor-action%3Aaction%3Dlightbox%26settings%3DeyJpZCI6ODE5MiwidXJsIjoiaHR0cHM6XC9cL21hbGxvcmNhcHJlbWl1bXRvdXJzLmNvbVwvXC93cC1jb250ZW50XC91cGxvYWRzXC8yMDIwXC8wOFwvRFNDTjg1NTQtc2NhbGVkLmpwZyIsInNsaWRlc2hvdyI6ImJlMzBiZTgifQ%3D%3D\">\n\t\t\t\t\t<div class=\"e-gallery-image elementor-gallery-item__image\" data-thumbnail=\"https:\/\/mallorcapremiumtours.com\/\/wp-content\/uploads\/2020\/08\/DSCN8554-300x225.jpg\" data-width=\"300\" data-height=\"225\" aria-label=\"Modernismo Palma - gran Hotel\" role=\"img\" ><\/div>\n\t\t\t\t\t\t\t\t\t\t\t<div class=\"elementor-gallery-item__overlay\"><\/div>\n\t\t\t\t\t\t\t\t\t\t\t\t\t\t<\/a>\n\t\t\t\t\t\t\t<a class=\"e-gallery-item elementor-gallery-item elementor-animated-content\" data-e-gallery-tags=\"0\" href=\"https:\/\/mallorcapremiumtours.com\/\/wp-content\/uploads\/2020\/04\/100_5091-scaled.jpg\" data-elementor-open-lightbox=\"yes\" data-elementor-lightbox-slideshow=\"be30be8\" data-elementor-lightbox-title=\"Modernismo en Palma\" data-elementor-lightbox-description=\"Gran Hotel de Palma, edificio modernista\" data-e-action-hash=\"#elementor-action%3Aaction%3Dlightbox%26settings%3DeyJpZCI6NDcxMiwidXJsIjoiaHR0cHM6XC9cL21hbGxvcmNhcHJlbWl1bXRvdXJzLmNvbVwvXC93cC1jb250ZW50XC91cGxvYWRzXC8yMDIwXC8wNFwvMTAwXzUwOTEtc2NhbGVkLmpwZyIsInNsaWRlc2hvdyI6ImJlMzBiZTgifQ%3D%3D\">\n\t\t\t\t\t<div class=\"e-gallery-image elementor-gallery-item__image\" data-thumbnail=\"https:\/\/mallorcapremiumtours.com\/\/wp-content\/uploads\/2020\/04\/100_5091-225x300.jpg\" data-width=\"225\" data-height=\"300\" aria-label=\"Modernismo\" role=\"img\" ><\/div>\n\t\t\t\t\t\t\t\t\t\t\t<div class=\"elementor-gallery-item__overlay\"><\/div>\n\t\t\t\t\t\t\t\t\t\t\t\t\t\t<\/a>\n\t\t\t\t\t\t\t<a class=\"e-gallery-item elementor-gallery-item elementor-animated-content\" data-e-gallery-tags=\"0\" href=\"https:\/\/mallorcapremiumtours.com\/\/wp-content\/uploads\/2020\/08\/DSCN8412-scaled.jpg\" data-elementor-open-lightbox=\"yes\" data-elementor-lightbox-slideshow=\"be30be8\" data-elementor-lightbox-title=\"Can Barcel\u00f3 - edificio modernista\" data-e-action-hash=\"#elementor-action%3Aaction%3Dlightbox%26settings%3DeyJpZCI6ODE4NiwidXJsIjoiaHR0cHM6XC9cL21hbGxvcmNhcHJlbWl1bXRvdXJzLmNvbVwvXC93cC1jb250ZW50XC91cGxvYWRzXC8yMDIwXC8wOFwvRFNDTjg0MTItc2NhbGVkLmpwZyIsInNsaWRlc2hvdyI6ImJlMzBiZTgifQ%3D%3D\">\n\t\t\t\t\t<div class=\"e-gallery-image elementor-gallery-item__image\" data-thumbnail=\"https:\/\/mallorcapremiumtours.com\/\/wp-content\/uploads\/2020\/08\/DSCN8412-300x225.jpg\" data-width=\"300\" data-height=\"225\" aria-label=\"visitas guiadas palma\" role=\"img\" ><\/div>\n\t\t\t\t\t\t\t\t\t\t\t<div class=\"elementor-gallery-item__overlay\"><\/div>\n\t\t\t\t\t\t\t\t\t\t\t\t\t\t<\/a>\n\t\t\t\t\t\t\t<a class=\"e-gallery-item elementor-gallery-item elementor-animated-content\" data-e-gallery-tags=\"0\" href=\"https:\/\/mallorcapremiumtours.com\/\/wp-content\/uploads\/2020\/08\/DSCN8414-scaled.jpg\" data-elementor-open-lightbox=\"yes\" data-elementor-lightbox-slideshow=\"be30be8\" data-elementor-lightbox-title=\"Can Barcel\u00f3 - edificio modernista\" data-e-action-hash=\"#elementor-action%3Aaction%3Dlightbox%26settings%3DeyJpZCI6ODE4OSwidXJsIjoiaHR0cHM6XC9cL21hbGxvcmNhcHJlbWl1bXRvdXJzLmNvbVwvXC93cC1jb250ZW50XC91cGxvYWRzXC8yMDIwXC8wOFwvRFNDTjg0MTQtc2NhbGVkLmpwZyIsInNsaWRlc2hvdyI6ImJlMzBiZTgifQ%3D%3D\">\n\t\t\t\t\t<div class=\"e-gallery-image elementor-gallery-item__image\" data-thumbnail=\"https:\/\/mallorcapremiumtours.com\/\/wp-content\/uploads\/2020\/08\/DSCN8414-300x225.jpg\" data-width=\"300\" data-height=\"225\" aria-label=\"Modernismo Palma de Mallorca\" role=\"img\" ><\/div>\n\t\t\t\t\t\t\t\t\t\t\t<div class=\"elementor-gallery-item__overlay\"><\/div>\n\t\t\t\t\t\t\t\t\t\t\t\t\t\t<\/a>\n\t\t\t\t\t\t\t<a class=\"e-gallery-item elementor-gallery-item elementor-animated-content\" data-e-gallery-tags=\"0\" href=\"https:\/\/mallorcapremiumtours.com\/\/wp-content\/uploads\/2020\/08\/DSCN4397-scaled.jpg\" data-elementor-open-lightbox=\"yes\" data-elementor-lightbox-slideshow=\"be30be8\" data-elementor-lightbox-title=\"Can Corbella - premodernismo en Palma de Mallorca\" data-e-action-hash=\"#elementor-action%3Aaction%3Dlightbox%26settings%3DeyJpZCI6ODE5NSwidXJsIjoiaHR0cHM6XC9cL21hbGxvcmNhcHJlbWl1bXRvdXJzLmNvbVwvXC93cC1jb250ZW50XC91cGxvYWRzXC8yMDIwXC8wOFwvRFNDTjQzOTctc2NhbGVkLmpwZyIsInNsaWRlc2hvdyI6ImJlMzBiZTgifQ%3D%3D\">\n\t\t\t\t\t<div class=\"e-gallery-image elementor-gallery-item__image\" data-thumbnail=\"https:\/\/mallorcapremiumtours.com\/\/wp-content\/uploads\/2020\/08\/DSCN4397-300x225.jpg\" data-width=\"300\" data-height=\"225\" aria-label=\"Visitas palma de Mallorca\" role=\"img\" ><\/div>\n\t\t\t\t\t\t\t\t\t\t\t<div class=\"elementor-gallery-item__overlay\"><\/div>\n\t\t\t\t\t\t\t\t\t\t\t\t\t\t<\/a>\n\t\t\t\t\t\t\t<a class=\"e-gallery-item elementor-gallery-item elementor-animated-content\" data-e-gallery-tags=\"0\" href=\"https:\/\/mallorcapremiumtours.com\/\/wp-content\/uploads\/2020\/08\/DSCN5423-scaled.jpg\" data-elementor-open-lightbox=\"yes\" data-elementor-lightbox-slideshow=\"be30be8\" data-elementor-lightbox-title=\"Can Corbella - premodernismo en Palma de Mallorca\" data-e-action-hash=\"#elementor-action%3Aaction%3Dlightbox%26settings%3DeyJpZCI6ODE5OCwidXJsIjoiaHR0cHM6XC9cL21hbGxvcmNhcHJlbWl1bXRvdXJzLmNvbVwvXC93cC1jb250ZW50XC91cGxvYWRzXC8yMDIwXC8wOFwvRFNDTjU0MjMtc2NhbGVkLmpwZyIsInNsaWRlc2hvdyI6ImJlMzBiZTgifQ%3D%3D\">\n\t\t\t\t\t<div class=\"e-gallery-image elementor-gallery-item__image\" data-thumbnail=\"https:\/\/mallorcapremiumtours.com\/\/wp-content\/uploads\/2020\/08\/DSCN5423-225x300.jpg\" data-width=\"225\" data-height=\"300\" aria-label=\"Modernismo visita guiada\" role=\"img\" ><\/div>\n\t\t\t\t\t\t\t\t\t\t\t<div class=\"elementor-gallery-item__overlay\"><\/div>\n\t\t\t\t\t\t\t\t\t\t\t\t\t\t<\/a>\n\t\t\t\t\t<\/div>\n\t\t\t\t\t<\/div>\n\t\t\t\t<\/div>\n\t\t\t\t<div class=\"elementor-element elementor-element-1ef00c2 elementor-align-center elementor-widget elementor-widget-button\" data-id=\"1ef00c2\" data-element_type=\"widget\" data-e-type=\"widget\" data-widget_type=\"button.default\">\n\t\t\t\t<div class=\"elementor-widget-container\">\n\t\t\t\t\t\t\t\t\t<div class=\"elementor-button-wrapper\">\n\t\t\t\t\t<a class=\"elementor-button elementor-button-link elementor-size-md elementor-animation-grow\" href=\"https:\/\/mallorcapremiumtours.com\/en\/palma-walking-tours\/discover-old-town-palma\/\">\n\t\t\t\t\t\t<span class=\"elementor-button-content-wrapper\">\n\t\t\t\t\t\t<span class=\"elementor-button-icon\">\n\t\t\t\t<i aria-hidden=\"true\" class=\"fas fa-angle-right\"><\/i>\t\t\t<\/span>\n\t\t\t\t\t\t\t\t\t<span class=\"elementor-button-text\">Go to the visit \"Discover Palma Old Town\"<\/span>\n\t\t\t\t\t<\/span>\n\t\t\t\t\t<\/a>\n\t\t\t\t<\/div>\n\t\t\t\t\t\t\t\t<\/div>\n\t\t\t\t<\/div>\n\t\t\t\t\t<\/div>\n\t\t<\/div>\n\t\t\t\t\t<\/div>\n\t\t<\/section>\n\t\t\t\t<section class=\"elementor-section elementor-top-section elementor-element elementor-element-34679d33 elementor-section-boxed elementor-section-height-default elementor-section-height-default\" data-id=\"34679d33\" data-element_type=\"section\" data-e-type=\"section\">\n\t\t\t\t\t\t<div class=\"elementor-container elementor-column-gap-default\">\n\t\t\t\t\t<div class=\"elementor-column elementor-col-100 elementor-top-column elementor-element elementor-element-16b9edf6\" data-id=\"16b9edf6\" data-element_type=\"column\" data-e-type=\"column\">\n\t\t\t<div class=\"elementor-widget-wrap elementor-element-populated\">\n\t\t\t\t\t\t<div class=\"elementor-element elementor-element-ca4f08a elementor-widget elementor-widget-template\" data-id=\"ca4f08a\" data-element_type=\"widget\" data-e-type=\"widget\" data-widget_type=\"template.default\">\n\t\t\t\t<div class=\"elementor-widget-container\">\n\t\t\t\t\t\t\t<div class=\"elementor-template\">\n\t\t\t\t\t<div data-elementor-type=\"section\" data-elementor-id=\"4447\" class=\"elementor elementor-4447 elementor-529 elementor-529\" data-elementor-post-type=\"elementor_library\">\n\t\t\t\t\t<section class=\"elementor-section elementor-top-section elementor-element elementor-element-71c8a93 elementor-section-boxed elementor-section-height-default elementor-section-height-default\" data-id=\"71c8a93\" data-element_type=\"section\" data-e-type=\"section\">\n\t\t\t\t\t\t<div class=\"elementor-container elementor-column-gap-default\">\n\t\t\t\t\t<div class=\"elementor-column elementor-col-100 elementor-top-column elementor-element elementor-element-1dae0f5\" data-id=\"1dae0f5\" data-element_type=\"column\" data-e-type=\"column\">\n\t\t\t<div class=\"elementor-widget-wrap elementor-element-populated\">\n\t\t\t\t\t\t<section class=\"elementor-section elementor-inner-section elementor-element elementor-element-67ad8cda elementor-section-boxed elementor-section-height-default elementor-section-height-default\" data-id=\"67ad8cda\" data-element_type=\"section\" data-e-type=\"section\">\n\t\t\t\t\t\t<div class=\"elementor-container elementor-column-gap-default\">\n\t\t\t\t\t<div class=\"elementor-column elementor-col-25 elementor-inner-column elementor-element elementor-element-658a16fd\" data-id=\"658a16fd\" data-element_type=\"column\" data-e-type=\"column\">\n\t\t\t<div class=\"elementor-widget-wrap elementor-element-populated\">\n\t\t\t\t\t\t<div class=\"elementor-element elementor-element-d64bb50 elementor-widget elementor-widget-image\" data-id=\"d64bb50\" data-element_type=\"widget\" data-e-type=\"widget\" data-widget_type=\"image.default\">\n\t\t\t\t<div class=\"elementor-widget-container\">\n\t\t\t\t\t\t\t\t\t\t\t\t\t\t\t<img decoding=\"async\" data-src=\"https:\/\/tourteatro.com\/wp-content\/uploads\/2019\/07\/sun.svg\" title=\"\" alt=\"\" src=\"data:image\/svg+xml;base64,PHN2ZyB3aWR0aD0iMSIgaGVpZ2h0PSIxIiB4bWxucz0iaHR0cDovL3d3dy53My5vcmcvMjAwMC9zdmciPjwvc3ZnPg==\" class=\"lazyload\" \/>\t\t\t\t\t\t\t\t\t\t\t\t\t\t\t<\/div>\n\t\t\t\t<\/div>\n\t\t\t\t<div class=\"elementor-element elementor-element-6995cf4b elementor-widget__width-initial elementor-widget elementor-widget-heading\" data-id=\"6995cf4b\" data-element_type=\"widget\" data-e-type=\"widget\" data-widget_type=\"heading.default\">\n\t\t\t\t<div class=\"elementor-widget-container\">\n\t\t\t\t\t<p class=\"elementor-heading-title elementor-size-default\">Premium Quality <\/p>\t\t\t\t<\/div>\n\t\t\t\t<\/div>\n\t\t\t\t<div class=\"elementor-element elementor-element-625d06e0 elementor-widget elementor-widget-text-editor\" data-id=\"625d06e0\" data-element_type=\"widget\" data-e-type=\"widget\" data-widget_type=\"text-editor.default\">\n\t\t\t\t<div class=\"elementor-widget-container\">\n\t\t\t\t\t\t\t\t\t<p data-start=\"2646\" data-end=\"2746\">Tours created by official guides, with the utmost historical and cultural rigour.<\/p><p data-start=\"2748\" data-end=\"2839\"> <\/p>\t\t\t\t\t\t\t\t<\/div>\n\t\t\t\t<\/div>\n\t\t\t\t\t<\/div>\n\t\t<\/div>\n\t\t\t\t<div class=\"elementor-column elementor-col-25 elementor-inner-column elementor-element elementor-element-2b8513c5\" data-id=\"2b8513c5\" data-element_type=\"column\" data-e-type=\"column\">\n\t\t\t<div class=\"elementor-widget-wrap elementor-element-populated\">\n\t\t\t\t\t\t<div class=\"elementor-element elementor-element-b872113 elementor-widget elementor-widget-image\" data-id=\"b872113\" data-element_type=\"widget\" data-e-type=\"widget\" data-widget_type=\"image.default\">\n\t\t\t\t<div class=\"elementor-widget-container\">\n\t\t\t\t\t\t\t\t\t\t\t\t\t\t\t<img decoding=\"async\" data-src=\"https:\/\/tourteatro.com\/wp-content\/uploads\/2019\/07\/exclusivo.svg\" title=\"\" alt=\"\" src=\"data:image\/svg+xml;base64,PHN2ZyB3aWR0aD0iMSIgaGVpZ2h0PSIxIiB4bWxucz0iaHR0cDovL3d3dy53My5vcmcvMjAwMC9zdmciPjwvc3ZnPg==\" class=\"lazyload\" \/>\t\t\t\t\t\t\t\t\t\t\t\t\t\t\t<\/div>\n\t\t\t\t<\/div>\n\t\t\t\t<div class=\"elementor-element elementor-element-54898013 elementor-widget elementor-widget-heading\" data-id=\"54898013\" data-element_type=\"widget\" data-e-type=\"widget\" data-widget_type=\"heading.default\">\n\t\t\t\t<div class=\"elementor-widget-container\">\n\t\t\t\t\t<p class=\"elementor-heading-title elementor-size-default\">Total exclusivity<\/p>\t\t\t\t<\/div>\n\t\t\t\t<\/div>\n\t\t\t\t<div class=\"elementor-element elementor-element-7796131e elementor-widget elementor-widget-text-editor\" data-id=\"7796131e\" data-element_type=\"widget\" data-e-type=\"widget\" data-widget_type=\"text-editor.default\">\n\t\t\t\t<div class=\"elementor-widget-container\">\n\t\t\t\t\t\t\t\t\t<p data-start=\"2748\" data-end=\"2839\">Completely private tours, tailored to your pace and preferences.<\/p><p data-start=\"2841\" data-end=\"2941\"> <\/p>\t\t\t\t\t\t\t\t<\/div>\n\t\t\t\t<\/div>\n\t\t\t\t\t<\/div>\n\t\t<\/div>\n\t\t\t\t<div class=\"elementor-column elementor-col-25 elementor-inner-column elementor-element elementor-element-5fd00cd0\" data-id=\"5fd00cd0\" data-element_type=\"column\" data-e-type=\"column\">\n\t\t\t<div class=\"elementor-widget-wrap elementor-element-populated\">\n\t\t\t\t\t\t<div class=\"elementor-element elementor-element-956f274 elementor-widget elementor-widget-image\" data-id=\"956f274\" data-element_type=\"widget\" data-e-type=\"widget\" data-widget_type=\"image.default\">\n\t\t\t\t<div class=\"elementor-widget-container\">\n\t\t\t\t\t\t\t\t\t\t\t\t\t\t\t<img decoding=\"async\" data-src=\"https:\/\/tourteatro.com\/wp-content\/uploads\/2019\/07\/palm.svg\" title=\"\" alt=\"\" src=\"data:image\/svg+xml;base64,PHN2ZyB3aWR0aD0iMSIgaGVpZ2h0PSIxIiB4bWxucz0iaHR0cDovL3d3dy53My5vcmcvMjAwMC9zdmciPjwvc3ZnPg==\" class=\"lazyload\" \/>\t\t\t\t\t\t\t\t\t\t\t\t\t\t\t<\/div>\n\t\t\t\t<\/div>\n\t\t\t\t<div class=\"elementor-element elementor-element-6c47b3e5 elementor-widget elementor-widget-heading\" data-id=\"6c47b3e5\" data-element_type=\"widget\" data-e-type=\"widget\" data-widget_type=\"heading.default\">\n\t\t\t\t<div class=\"elementor-widget-container\">\n\t\t\t\t\t<p class=\"elementor-heading-title elementor-size-default\">Local Experts<\/p>\t\t\t\t<\/div>\n\t\t\t\t<\/div>\n\t\t\t\t<div class=\"elementor-element elementor-element-1de6e160 elementor-widget elementor-widget-text-editor\" data-id=\"1de6e160\" data-element_type=\"widget\" data-e-type=\"widget\" data-widget_type=\"text-editor.default\">\n\t\t\t\t<div class=\"elementor-widget-container\">\n\t\t\t\t\t\t\t\t\t<p data-start=\"2841\" data-end=\"2941\">We know Palma and Mallorca inside out, enabling us to offer you unique experiences.<\/p><p data-start=\"2943\" data-end=\"3031\"> <\/p>\t\t\t\t\t\t\t\t<\/div>\n\t\t\t\t<\/div>\n\t\t\t\t\t<\/div>\n\t\t<\/div>\n\t\t\t\t<div class=\"elementor-column elementor-col-25 elementor-inner-column elementor-element elementor-element-de4cef4\" data-id=\"de4cef4\" data-element_type=\"column\" data-e-type=\"column\">\n\t\t\t<div class=\"elementor-widget-wrap elementor-element-populated\">\n\t\t\t\t\t\t<div class=\"elementor-element elementor-element-3b57e67 elementor-widget elementor-widget-image\" data-id=\"3b57e67\" data-element_type=\"widget\" data-e-type=\"widget\" data-widget_type=\"image.default\">\n\t\t\t\t<div class=\"elementor-widget-container\">\n\t\t\t\t\t\t\t\t\t\t\t\t\t\t\t<img decoding=\"async\" data-src=\"https:\/\/tourteatro.com\/wp-content\/uploads\/2019\/07\/felixibidad.svg\" title=\"\" alt=\"\" src=\"data:image\/svg+xml;base64,PHN2ZyB3aWR0aD0iMSIgaGVpZ2h0PSIxIiB4bWxucz0iaHR0cDovL3d3dy53My5vcmcvMjAwMC9zdmciPjwvc3ZnPg==\" class=\"lazyload\" \/>\t\t\t\t\t\t\t\t\t\t\t\t\t\t\t<\/div>\n\t\t\t\t<\/div>\n\t\t\t\t<div class=\"elementor-element elementor-element-1d3eb06 elementor-widget elementor-widget-heading\" data-id=\"1d3eb06\" data-element_type=\"widget\" data-e-type=\"widget\" data-widget_type=\"heading.default\">\n\t\t\t\t<div class=\"elementor-widget-container\">\n\t\t\t\t\t<p class=\"elementor-heading-title elementor-size-default\">Absolute Flexibility<\/p>\t\t\t\t<\/div>\n\t\t\t\t<\/div>\n\t\t\t\t<div class=\"elementor-element elementor-element-2f4a3d8 elementor-widget elementor-widget-text-editor\" data-id=\"2f4a3d8\" data-element_type=\"widget\" data-e-type=\"widget\" data-widget_type=\"text-editor.default\">\n\t\t\t\t<div class=\"elementor-widget-container\">\n\t\t\t\t\t\t\t\t\t<p data-start=\"2943\" data-end=\"3031\">Timetables, duration and services tailored to your needs.<\/p>\t\t\t\t\t\t\t\t<\/div>\n\t\t\t\t<\/div>\n\t\t\t\t\t<\/div>\n\t\t<\/div>\n\t\t\t\t\t<\/div>\n\t\t<\/section>\n\t\t\t\t\t<\/div>\n\t\t<\/div>\n\t\t\t\t\t<\/div>\n\t\t<\/section>\n\t\t\t\t<\/div>\n\t\t\t\t<\/div>\n\t\t\t\t\t\t<\/div>\n\t\t\t\t<\/div>\n\t\t\t\t\t<\/div>\n\t\t<\/div>\n\t\t\t\t\t<\/div>\n\t\t<\/section>\n\t\t\t\t<section class=\"elementor-section elementor-top-section elementor-element elementor-element-60e5ce3c elementor-section-content-middle contacto elementor-section-stretched elementor-section-boxed elementor-section-height-default elementor-section-height-default\" data-id=\"60e5ce3c\" data-element_type=\"section\" data-e-type=\"section\" id=\"contacto\" data-settings=\"{&quot;background_background&quot;:&quot;classic&quot;,&quot;stretch_section&quot;:&quot;section-stretched&quot;}\">\n\t\t\t\t\t\t\t<div class=\"elementor-background-overlay\"><\/div>\n\t\t\t\t\t\t\t<div class=\"elementor-container elementor-column-gap-default\">\n\t\t\t\t\t<div class=\"elementor-column elementor-col-100 elementor-top-column elementor-element elementor-element-32df63b7 elementor-invisible\" data-id=\"32df63b7\" data-element_type=\"column\" data-e-type=\"column\" data-settings=\"{&quot;animation&quot;:&quot;fadeIn&quot;}\">\n\t\t\t<div class=\"elementor-widget-wrap elementor-element-populated\">\n\t\t\t\t\t<div class=\"elementor-background-overlay\"><\/div>\n\t\t\t\t\t\t<div class=\"elementor-element elementor-element-5a0e78ff elementor-widget elementor-widget-heading\" data-id=\"5a0e78ff\" data-element_type=\"widget\" data-e-type=\"widget\" data-widget_type=\"heading.default\">\n\t\t\t\t<div class=\"elementor-widget-container\">\n\t\t\t\t\t<p class=\"elementor-heading-title elementor-size-default\">Contact and bookings<\/p>\t\t\t\t<\/div>\n\t\t\t\t<\/div>\n\t\t\t\t<section class=\"elementor-section elementor-inner-section elementor-element elementor-element-1ee3f7da elementor-section-boxed elementor-section-height-default elementor-section-height-default\" data-id=\"1ee3f7da\" data-element_type=\"section\" data-e-type=\"section\">\n\t\t\t\t\t\t<div class=\"elementor-container elementor-column-gap-default\">\n\t\t\t\t\t<div class=\"elementor-column elementor-col-50 elementor-inner-column elementor-element elementor-element-65e0842d\" data-id=\"65e0842d\" data-element_type=\"column\" data-e-type=\"column\">\n\t\t\t<div class=\"elementor-widget-wrap elementor-element-populated\">\n\t\t\t\t\t\t<div class=\"elementor-element elementor-element-6835cf2b elementor-view-framed elementor-shape-circle elementor-position-block-start elementor-mobile-position-block-start elementor-widget elementor-widget-icon-box\" data-id=\"6835cf2b\" data-element_type=\"widget\" data-e-type=\"widget\" data-widget_type=\"icon-box.default\">\n\t\t\t\t<div class=\"elementor-widget-container\">\n\t\t\t\t\t\t\t<div class=\"elementor-icon-box-wrapper\">\n\n\t\t\t\t\t\t<div class=\"elementor-icon-box-icon\">\n\t\t\t\t<span  class=\"elementor-icon\">\n\t\t\t\t<i aria-hidden=\"true\" class=\"fas fa-phone\"><\/i>\t\t\t\t<\/span>\n\t\t\t<\/div>\n\t\t\t\n\t\t\t\t\t\t<div class=\"elementor-icon-box-content\">\n\n\t\t\t\t\t\t\t\t\t<p class=\"elementor-icon-box-title\">\n\t\t\t\t\t\t<span  >\n\t\t\t\t\t\t\t+34 683 31 71 92\t\t\t\t\t\t<\/span>\n\t\t\t\t\t<\/p>\n\t\t\t\t\n\t\t\t\t\n\t\t\t<\/div>\n\t\t\t\n\t\t<\/div>\n\t\t\t\t\t\t<\/div>\n\t\t\t\t<\/div>\n\t\t\t\t\t<\/div>\n\t\t<\/div>\n\t\t\t\t<div class=\"elementor-column elementor-col-50 elementor-inner-column elementor-element elementor-element-61771198\" data-id=\"61771198\" data-element_type=\"column\" data-e-type=\"column\">\n\t\t\t<div class=\"elementor-widget-wrap elementor-element-populated\">\n\t\t\t\t\t\t<div class=\"elementor-element elementor-element-3731a23f elementor-view-framed elementor-shape-circle elementor-position-block-start elementor-mobile-position-block-start elementor-widget elementor-widget-icon-box\" data-id=\"3731a23f\" data-element_type=\"widget\" data-e-type=\"widget\" data-widget_type=\"icon-box.default\">\n\t\t\t\t<div class=\"elementor-widget-container\">\n\t\t\t\t\t\t\t<div class=\"elementor-icon-box-wrapper\">\n\n\t\t\t\t\t\t<div class=\"elementor-icon-box-icon\">\n\t\t\t\t<span  class=\"elementor-icon\">\n\t\t\t\t<i aria-hidden=\"true\" class=\"fas fa-envelope\"><\/i>\t\t\t\t<\/span>\n\t\t\t<\/div>\n\t\t\t\n\t\t\t\t\t\t<div class=\"elementor-icon-box-content\">\n\n\t\t\t\t\t\t\t\t\t<p class=\"elementor-icon-box-title\">\n\t\t\t\t\t\t<span  >\n\t\t\t\t\t\t\tinfo@mallorcapremiumtours.com\t\t\t\t\t\t<\/span>\n\t\t\t\t\t<\/p>\n\t\t\t\t\n\t\t\t\t\n\t\t\t<\/div>\n\t\t\t\n\t\t<\/div>\n\t\t\t\t\t\t<\/div>\n\t\t\t\t<\/div>\n\t\t\t\t\t<\/div>\n\t\t<\/div>\n\t\t\t\t\t<\/div>\n\t\t<\/section>\n\t\t\t\t<section class=\"elementor-section elementor-inner-section elementor-element elementor-element-4f8a7f1 elementor-reverse-tablet elementor-reverse-mobile elementor-section-boxed elementor-section-height-default elementor-section-height-default\" data-id=\"4f8a7f1\" data-element_type=\"section\" data-e-type=\"section\" data-settings=\"{&quot;background_background&quot;:&quot;classic&quot;}\">\n\t\t\t\t\t\t<div class=\"elementor-container elementor-column-gap-default\">\n\t\t\t\t\t<div class=\"elementor-column elementor-col-100 elementor-inner-column elementor-element elementor-element-7dc316b\" data-id=\"7dc316b\" data-element_type=\"column\" data-e-type=\"column\" data-settings=\"{&quot;background_background&quot;:&quot;classic&quot;}\">\n\t\t\t<div class=\"elementor-widget-wrap\">\n\t\t\t\t\t<div class=\"elementor-background-overlay\"><\/div>\n\t\t\t\t\t\t\t<\/div>\n\t\t<\/div>\n\t\t\t\t\t<\/div>\n\t\t<\/section>\n\t\t\t\t<section class=\"elementor-section elementor-inner-section elementor-element elementor-element-188bab7 elementor-reverse-tablet elementor-reverse-mobile elementor-section-boxed elementor-section-height-default elementor-section-height-default\" data-id=\"188bab7\" data-element_type=\"section\" data-e-type=\"section\">\n\t\t\t\t\t\t<div class=\"elementor-container elementor-column-gap-default\">\n\t\t\t\t\t<div class=\"elementor-column elementor-col-100 elementor-inner-column elementor-element elementor-element-341b1b62\" data-id=\"341b1b62\" data-element_type=\"column\" data-e-type=\"column\">\n\t\t\t<div class=\"elementor-widget-wrap elementor-element-populated\">\n\t\t\t\t\t\t<div class=\"elementor-element elementor-element-8a2798d elementor-widget elementor-widget-heading\" data-id=\"8a2798d\" data-element_type=\"widget\" data-e-type=\"widget\" data-widget_type=\"heading.default\">\n\t\t\t\t<div class=\"elementor-widget-container\">\n\t\t\t\t\t<p class=\"elementor-heading-title elementor-size-default\">Follow us<\/p>\t\t\t\t<\/div>\n\t\t\t\t<\/div>\n\t\t\t\t\t<\/div>\n\t\t<\/div>\n\t\t\t\t\t<\/div>\n\t\t<\/section>\n\t\t\t\t<div class=\"elementor-element elementor-element-7e89bde2 elementor-shape-circle elementor-grid-0 e-grid-align-center elementor-widget elementor-widget-social-icons\" data-id=\"7e89bde2\" data-element_type=\"widget\" data-e-type=\"widget\" data-widget_type=\"social-icons.default\">\n\t\t\t\t<div class=\"elementor-widget-container\">\n\t\t\t\t\t\t\t<div class=\"elementor-social-icons-wrapper elementor-grid\" role=\"list\">\n\t\t\t\t\t\t\t<span class=\"elementor-grid-item\" role=\"listitem\">\n\t\t\t\t\t<a class=\"elementor-icon elementor-social-icon elementor-social-icon-facebook elementor-animation-pop elementor-repeater-item-0ccc7cd\" href=\"https:\/\/www.facebook.com\/tourteatro\/\" target=\"_blank\">\n\t\t\t\t\t\t<span class=\"elementor-screen-only\">Facebook<\/span>\n\t\t\t\t\t\t<i aria-hidden=\"true\" class=\"fab fa-facebook\"><\/i>\t\t\t\t\t<\/a>\n\t\t\t\t<\/span>\n\t\t\t\t\t\t\t<span class=\"elementor-grid-item\" role=\"listitem\">\n\t\t\t\t\t<a class=\"elementor-icon elementor-social-icon elementor-social-icon-instagram elementor-animation-pop elementor-repeater-item-1f5c46c\" href=\"https:\/\/www.instagram.com\/tourteatro\/\" target=\"_blank\">\n\t\t\t\t\t\t<span class=\"elementor-screen-only\">Instagram<\/span>\n\t\t\t\t\t\t<i aria-hidden=\"true\" class=\"fab fa-instagram\"><\/i>\t\t\t\t\t<\/a>\n\t\t\t\t<\/span>\n\t\t\t\t\t\t\t<span class=\"elementor-grid-item\" role=\"listitem\">\n\t\t\t\t\t<a class=\"elementor-icon elementor-social-icon elementor-social-icon-tripadvisor elementor-animation-pop elementor-repeater-item-f1ae08d\" href=\"https:\/\/www.tripadvisor.es\/Attraction_Review-g187463-d12201527-Reviews-Tour_Teatro-Palma_de_Mallorca_Majorca_Balearic_Islands.html\" target=\"_blank\">\n\t\t\t\t\t\t<span class=\"elementor-screen-only\">Tripadvisor<\/span>\n\t\t\t\t\t\t<i aria-hidden=\"true\" class=\"fab fa-tripadvisor\"><\/i>\t\t\t\t\t<\/a>\n\t\t\t\t<\/span>\n\t\t\t\t\t\t\t<span class=\"elementor-grid-item\" role=\"listitem\">\n\t\t\t\t\t<a class=\"elementor-icon elementor-social-icon elementor-social-icon-twitter elementor-animation-pop elementor-repeater-item-78fa094\" href=\"https:\/\/twitter.com\/majorcafreetour\" target=\"_blank\">\n\t\t\t\t\t\t<span class=\"elementor-screen-only\">Twitter<\/span>\n\t\t\t\t\t\t<i aria-hidden=\"true\" class=\"fab fa-twitter\"><\/i>\t\t\t\t\t<\/a>\n\t\t\t\t<\/span>\n\t\t\t\t\t\t\t<span class=\"elementor-grid-item\" role=\"listitem\">\n\t\t\t\t\t<a class=\"elementor-icon elementor-social-icon elementor-social-icon-linkedin elementor-animation-pop elementor-repeater-item-ed49d7a\" href=\"https:\/\/www.linkedin.com\/company\/tour-teatro\" target=\"_blank\">\n\t\t\t\t\t\t<span class=\"elementor-screen-only\">Linkedin<\/span>\n\t\t\t\t\t\t<i aria-hidden=\"true\" class=\"fab fa-linkedin\"><\/i>\t\t\t\t\t<\/a>\n\t\t\t\t<\/span>\n\t\t\t\t\t<\/div>\n\t\t\t\t\t\t<\/div>\n\t\t\t\t<\/div>\n\t\t\t\t\t<\/div>\n\t\t<\/div>\n\t\t\t\t\t<\/div>\n\t\t<\/section>\n\t\t\t\t<footer class=\"elementor-section elementor-top-section elementor-element elementor-element-39c902d8 elementor-section-full_width elementor-section-stretched elementor-section-height-default elementor-section-height-default\" data-id=\"39c902d8\" data-element_type=\"section\" data-e-type=\"section\" data-settings=\"{&quot;background_background&quot;:&quot;classic&quot;,&quot;stretch_section&quot;:&quot;section-stretched&quot;}\">\n\t\t\t\t\t\t\t<div class=\"elementor-background-overlay\"><\/div>\n\t\t\t\t\t\t\t<div class=\"elementor-container elementor-column-gap-default\">\n\t\t\t\t\t<div class=\"elementor-column elementor-col-100 elementor-top-column elementor-element elementor-element-7183f07f\" data-id=\"7183f07f\" data-element_type=\"column\" data-e-type=\"column\">\n\t\t\t<div class=\"elementor-widget-wrap elementor-element-populated\">\n\t\t\t\t\t\t<section class=\"elementor-section elementor-inner-section elementor-element elementor-element-d1172bf elementor-section-boxed elementor-section-height-default elementor-section-height-default\" data-id=\"d1172bf\" data-element_type=\"section\" data-e-type=\"section\">\n\t\t\t\t\t\t<div class=\"elementor-container elementor-column-gap-default\">\n\t\t\t\t\t<div class=\"elementor-column elementor-col-25 elementor-inner-column elementor-element elementor-element-368ea391\" data-id=\"368ea391\" data-element_type=\"column\" data-e-type=\"column\">\n\t\t\t<div class=\"elementor-widget-wrap elementor-element-populated\">\n\t\t\t\t\t\t<div class=\"elementor-element elementor-element-42af2154 elementor-widget elementor-widget-heading\" data-id=\"42af2154\" data-element_type=\"widget\" data-e-type=\"widget\" data-widget_type=\"heading.default\">\n\t\t\t\t<div class=\"elementor-widget-container\">\n\t\t\t\t\t<p class=\"elementor-heading-title elementor-size-default\">Contact <\/p>\t\t\t\t<\/div>\n\t\t\t\t<\/div>\n\t\t\t\t<div class=\"elementor-element elementor-element-6332a6a8 elementor-align-center elementor-icon-list--layout-traditional elementor-list-item-link-full_width elementor-widget elementor-widget-icon-list\" data-id=\"6332a6a8\" data-element_type=\"widget\" data-e-type=\"widget\" data-widget_type=\"icon-list.default\">\n\t\t\t\t<div class=\"elementor-widget-container\">\n\t\t\t\t\t\t\t<ul class=\"elementor-icon-list-items\">\n\t\t\t\t\t\t\t<li class=\"elementor-icon-list-item\">\n\t\t\t\t\t\t\t\t\t\t<span class=\"elementor-icon-list-text\">+34 683 31 71 92<\/span>\n\t\t\t\t\t\t\t\t\t<\/li>\n\t\t\t\t\t\t\t\t<li class=\"elementor-icon-list-item\">\n\t\t\t\t\t\t\t\t\t\t<span class=\"elementor-icon-list-text\">info@mallorcapremiumtours.com<\/span>\n\t\t\t\t\t\t\t\t\t<\/li>\n\t\t\t\t\t\t\t\t<li class=\"elementor-icon-list-item\">\n\t\t\t\t\t\t\t\t\t\t\t<span class=\"elementor-icon-list-icon\">\n\t\t\t\t\t\t\t<i aria-hidden=\"true\" class=\"fas fa-check\"><\/i>\t\t\t\t\t\t<\/span>\n\t\t\t\t\t\t\t\t\t\t<span class=\"elementor-icon-list-text\"><\/span>\n\t\t\t\t\t\t\t\t\t<\/li>\n\t\t\t\t\t\t\t\t<li class=\"elementor-icon-list-item\">\n\t\t\t\t\t\t\t\t\t\t\t<span class=\"elementor-icon-list-icon\">\n\t\t\t\t\t\t\t<i aria-hidden=\"true\" class=\"fas fa-check\"><\/i>\t\t\t\t\t\t<\/span>\n\t\t\t\t\t\t\t\t\t\t<span class=\"elementor-icon-list-text\"><\/span>\n\t\t\t\t\t\t\t\t\t<\/li>\n\t\t\t\t\t\t\t\t<li class=\"elementor-icon-list-item\">\n\t\t\t\t\t\t\t\t\t\t\t<span class=\"elementor-icon-list-icon\">\n\t\t\t\t\t\t\t<i aria-hidden=\"true\" class=\"fas fa-check\"><\/i>\t\t\t\t\t\t<\/span>\n\t\t\t\t\t\t\t\t\t\t<span class=\"elementor-icon-list-text\">9 a.m - 8 p.m. (Mon - Sat)<\/span>\n\t\t\t\t\t\t\t\t\t<\/li>\n\t\t\t\t\t\t<\/ul>\n\t\t\t\t\t\t<\/div>\n\t\t\t\t<\/div>\n\t\t\t\t\t<\/div>\n\t\t<\/div>\n\t\t\t\t<div class=\"elementor-column elementor-col-25 elementor-inner-column elementor-element elementor-element-7f6a7064\" data-id=\"7f6a7064\" data-element_type=\"column\" data-e-type=\"column\">\n\t\t\t<div class=\"elementor-widget-wrap elementor-element-populated\">\n\t\t\t\t\t\t<div class=\"elementor-element elementor-element-7d987133 elementor-widget elementor-widget-heading\" data-id=\"7d987133\" data-element_type=\"widget\" data-e-type=\"widget\" data-widget_type=\"heading.default\">\n\t\t\t\t<div class=\"elementor-widget-container\">\n\t\t\t\t\t<p class=\"elementor-heading-title elementor-size-default\">Walking Tours<\/p>\t\t\t\t<\/div>\n\t\t\t\t<\/div>\n\t\t\t\t<div class=\"elementor-element elementor-element-53782171 elementor-align-center elementor-icon-list--layout-traditional elementor-list-item-link-full_width elementor-widget elementor-widget-icon-list\" data-id=\"53782171\" data-element_type=\"widget\" data-e-type=\"widget\" data-widget_type=\"icon-list.default\">\n\t\t\t\t<div class=\"elementor-widget-container\">\n\t\t\t\t\t\t\t<ul class=\"elementor-icon-list-items\">\n\t\t\t\t\t\t\t<li class=\"elementor-icon-list-item\">\n\t\t\t\t\t\t\t\t\t\t\t<a href=\"https:\/\/mallorcapremiumtours.com\/en\/palma-walking-tours\/cathedral-of-mallorca\/\">\n\n\t\t\t\t\t\t\t\t\t\t\t<span class=\"elementor-icon-list-text\">Cathedral of Mallorca<\/span>\n\t\t\t\t\t\t\t\t\t\t\t<\/a>\n\t\t\t\t\t\t\t\t\t<\/li>\n\t\t\t\t\t\t\t\t<li class=\"elementor-icon-list-item\">\n\t\t\t\t\t\t\t\t\t\t\t<a href=\"https:\/\/mallorcapremiumtours.com\/en\/palma-walking-tours\/bellver-castle\/\">\n\n\t\t\t\t\t\t\t\t\t\t\t<span class=\"elementor-icon-list-text\">Bellver castle<\/span>\n\t\t\t\t\t\t\t\t\t\t\t<\/a>\n\t\t\t\t\t\t\t\t\t<\/li>\n\t\t\t\t\t\t\t\t<li class=\"elementor-icon-list-item\">\n\t\t\t\t\t\t\t\t\t\t\t<a href=\"https:\/\/mallorcapremiumtours.com\/en\/palma-walking-tours\/discover-old-town-palma\/\">\n\n\t\t\t\t\t\t\t\t\t\t\t<span class=\"elementor-icon-list-text\">Old Town Palma<\/span>\n\t\t\t\t\t\t\t\t\t\t\t<\/a>\n\t\t\t\t\t\t\t\t\t<\/li>\n\t\t\t\t\t\t\t\t<li class=\"elementor-icon-list-item\">\n\t\t\t\t\t\t\t\t\t\t\t<a href=\"https:\/\/mallorcapremiumtours.com\/en\/palma-walking-tours\/mysteries-and-legends-of-palma\/\">\n\n\t\t\t\t\t\t\t\t\t\t\t<span class=\"elementor-icon-list-text\">Mysteries and legends of Palma<\/span>\n\t\t\t\t\t\t\t\t\t\t\t<\/a>\n\t\t\t\t\t\t\t\t\t<\/li>\n\t\t\t\t\t\t<\/ul>\n\t\t\t\t\t\t<\/div>\n\t\t\t\t<\/div>\n\t\t\t\t\t<\/div>\n\t\t<\/div>\n\t\t\t\t<div class=\"elementor-column elementor-col-25 elementor-inner-column elementor-element elementor-element-11efb4c2\" data-id=\"11efb4c2\" data-element_type=\"column\" data-e-type=\"column\">\n\t\t\t<div class=\"elementor-widget-wrap elementor-element-populated\">\n\t\t\t\t\t\t<div class=\"elementor-element elementor-element-520d3af0 elementor-widget elementor-widget-heading\" data-id=\"520d3af0\" data-element_type=\"widget\" data-e-type=\"widget\" data-widget_type=\"heading.default\">\n\t\t\t\t<div class=\"elementor-widget-container\">\n\t\t\t\t\t<p class=\"elementor-heading-title elementor-size-default\">Tours Mallorca<\/p>\t\t\t\t<\/div>\n\t\t\t\t<\/div>\n\t\t\t\t<div class=\"elementor-element elementor-element-57b7f3bf elementor-align-center elementor-icon-list--layout-traditional elementor-list-item-link-full_width elementor-widget elementor-widget-icon-list\" data-id=\"57b7f3bf\" data-element_type=\"widget\" data-e-type=\"widget\" data-widget_type=\"icon-list.default\">\n\t\t\t\t<div class=\"elementor-widget-container\">\n\t\t\t\t\t\t\t<ul class=\"elementor-icon-list-items\">\n\t\t\t\t\t\t\t<li class=\"elementor-icon-list-item\">\n\t\t\t\t\t\t\t\t\t\t\t<a href=\"https:\/\/mallorcapremiumtours.com\/en\/tours-mallorca\/valldemossa-and-soller\/\">\n\n\t\t\t\t\t\t\t\t\t\t\t<span class=\"elementor-icon-list-text\">Valldemossa and S\u00f3ller<\/span>\n\t\t\t\t\t\t\t\t\t\t\t<\/a>\n\t\t\t\t\t\t\t\t\t<\/li>\n\t\t\t\t\t\t\t\t<li class=\"elementor-icon-list-item\">\n\t\t\t\t\t\t\t\t\t\t\t<a href=\"https:\/\/mallorcapremiumtours.com\/en\/tours-mallorca\/arta-and-caves-of-arta\/\">\n\n\t\t\t\t\t\t\t\t\t\t\t<span class=\"elementor-icon-list-text\">Caves of Art\u00e0<\/span>\n\t\t\t\t\t\t\t\t\t\t\t<\/a>\n\t\t\t\t\t\t\t\t\t<\/li>\n\t\t\t\t\t\t\t\t<li class=\"elementor-icon-list-item\">\n\t\t\t\t\t\t\t\t\t\t\t<a href=\"https:\/\/mallorcapremiumtours.com\/en\/tours-mallorca\/the-traditional-mallorca\/\">\n\n\t\t\t\t\t\t\t\t\t\t\t<span class=\"elementor-icon-list-text\">Traditional Mallorca<\/span>\n\t\t\t\t\t\t\t\t\t\t\t<\/a>\n\t\t\t\t\t\t\t\t\t<\/li>\n\t\t\t\t\t\t<\/ul>\n\t\t\t\t\t\t<\/div>\n\t\t\t\t<\/div>\n\t\t\t\t\t<\/div>\n\t\t<\/div>\n\t\t\t\t<div class=\"elementor-column elementor-col-25 elementor-inner-column elementor-element elementor-element-7c3763c0\" data-id=\"7c3763c0\" data-element_type=\"column\" data-e-type=\"column\">\n\t\t\t<div class=\"elementor-widget-wrap elementor-element-populated\">\n\t\t\t\t\t\t<div class=\"elementor-element elementor-element-2c353a47 elementor-widget elementor-widget-heading\" data-id=\"2c353a47\" data-element_type=\"widget\" data-e-type=\"widget\" data-widget_type=\"heading.default\">\n\t\t\t\t<div class=\"elementor-widget-container\">\n\t\t\t\t\t<p class=\"elementor-heading-title elementor-size-default\">Trending topics<\/p>\t\t\t\t<\/div>\n\t\t\t\t<\/div>\n\t\t\t\t<div class=\"elementor-element elementor-element-150b11b8 elementor-align-center elementor-icon-list--layout-traditional elementor-list-item-link-full_width elementor-widget elementor-widget-icon-list\" data-id=\"150b11b8\" data-element_type=\"widget\" data-e-type=\"widget\" data-widget_type=\"icon-list.default\">\n\t\t\t\t<div class=\"elementor-widget-container\">\n\t\t\t\t\t\t\t<ul class=\"elementor-icon-list-items\">\n\t\t\t\t\t\t\t<li class=\"elementor-icon-list-item\">\n\t\t\t\t\t\t\t\t\t\t\t<a href=\"https:\/\/mallorcapremiumtours.com\/en\/partners\/\">\n\n\t\t\t\t\t\t\t\t\t\t\t<span class=\"elementor-icon-list-text\">PARTNERS<\/span>\n\t\t\t\t\t\t\t\t\t\t\t<\/a>\n\t\t\t\t\t\t\t\t\t<\/li>\n\t\t\t\t\t\t\t\t<li class=\"elementor-icon-list-item\">\n\t\t\t\t\t\t\t\t\t\t\t<a href=\"https:\/\/mallorcapremiumtours.com\/en\/blog-mallorca-premium-tours\/\">\n\n\t\t\t\t\t\t\t\t\t\t\t<span class=\"elementor-icon-list-text\">OUR BLOG<\/span>\n\t\t\t\t\t\t\t\t\t\t\t<\/a>\n\t\t\t\t\t\t\t\t\t<\/li>\n\t\t\t\t\t\t\t\t<li class=\"elementor-icon-list-item\">\n\t\t\t\t\t\t\t\t\t\t\t<a href=\"https:\/\/tourteatro.com\/en\/category\/what-to-do-in-palma-de-mallorca\/\">\n\n\t\t\t\t\t\t\t\t\t\t\t<span class=\"elementor-icon-list-text\">What to see in Palma de Mallorca<\/span>\n\t\t\t\t\t\t\t\t\t\t\t<\/a>\n\t\t\t\t\t\t\t\t\t<\/li>\n\t\t\t\t\t\t\t\t<li class=\"elementor-icon-list-item\">\n\t\t\t\t\t\t\t\t\t\t\t<a href=\"https:\/\/tourteatro.com\/en\/category\/curiosities-of-mallorca\/\">\n\n\t\t\t\t\t\t\t\t\t\t\t<span class=\"elementor-icon-list-text\">Curiosities of Mallorca<\/span>\n\t\t\t\t\t\t\t\t\t\t\t<\/a>\n\t\t\t\t\t\t\t\t\t<\/li>\n\t\t\t\t\t\t\t\t<li class=\"elementor-icon-list-item\">\n\t\t\t\t\t\t\t\t\t\t\t<a href=\"https:\/\/tourteatro.com\/en\/category\/official-tour-guides-in-mallorca\/\">\n\n\t\t\t\t\t\t\t\t\t\t\t<span class=\"elementor-icon-list-text\">Official guides in Mallorca<\/span>\n\t\t\t\t\t\t\t\t\t\t\t<\/a>\n\t\t\t\t\t\t\t\t\t<\/li>\n\t\t\t\t\t\t\t\t<li class=\"elementor-icon-list-item\">\n\t\t\t\t\t\t\t\t\t\t\t<a href=\"https:\/\/tourteatro.com\/en\/category\/guided-tours-in-palma-de-mallorca\/\">\n\n\t\t\t\t\t\t\t\t\t\t\t<span class=\"elementor-icon-list-text\">Guided tours in Palma<\/span>\n\t\t\t\t\t\t\t\t\t\t\t<\/a>\n\t\t\t\t\t\t\t\t\t<\/li>\n\t\t\t\t\t\t<\/ul>\n\t\t\t\t\t\t<\/div>\n\t\t\t\t<\/div>\n\t\t\t\t\t<\/div>\n\t\t<\/div>\n\t\t\t\t\t<\/div>\n\t\t<\/section>\n\t\t\t\t<div class=\"elementor-element elementor-element-1628e8a3 elementor-widget-divider--view-line elementor-widget elementor-widget-divider\" data-id=\"1628e8a3\" data-element_type=\"widget\" data-e-type=\"widget\" data-widget_type=\"divider.default\">\n\t\t\t\t<div class=\"elementor-widget-container\">\n\t\t\t\t\t\t\t<div class=\"elementor-divider\">\n\t\t\t<span class=\"elementor-divider-separator\">\n\t\t\t\t\t\t<\/span>\n\t\t<\/div>\n\t\t\t\t\t\t<\/div>\n\t\t\t\t<\/div>\n\t\t\t\t<section class=\"elementor-section elementor-inner-section elementor-element elementor-element-4e3a7ee1 elementor-section-boxed elementor-section-height-default elementor-section-height-default\" data-id=\"4e3a7ee1\" data-element_type=\"section\" data-e-type=\"section\">\n\t\t\t\t\t\t<div class=\"elementor-container elementor-column-gap-default\">\n\t\t\t\t\t<div class=\"elementor-column elementor-col-50 elementor-inner-column elementor-element elementor-element-7c0e1194\" data-id=\"7c0e1194\" data-element_type=\"column\" data-e-type=\"column\">\n\t\t\t<div class=\"elementor-widget-wrap elementor-element-populated\">\n\t\t\t\t\t\t<div class=\"elementor-element elementor-element-23d16f50 elementor-widget elementor-widget-heading\" data-id=\"23d16f50\" data-element_type=\"widget\" data-e-type=\"widget\" data-widget_type=\"heading.default\">\n\t\t\t\t<div class=\"elementor-widget-container\">\n\t\t\t\t\t<p class=\"elementor-heading-title elementor-size-default\">Members of Balearic Tour Guide Association<\/p>\t\t\t\t<\/div>\n\t\t\t\t<\/div>\n\t\t\t\t<div class=\"elementor-element elementor-element-27fb6a80 elementor-widget elementor-widget-image\" data-id=\"27fb6a80\" data-element_type=\"widget\" data-e-type=\"widget\" data-widget_type=\"image.default\">\n\t\t\t\t<div class=\"elementor-widget-container\">\n\t\t\t\t\t\t\t\t\t\t\t\t\t\t\t\t<a href=\"https:\/\/abgt.es\/\">\n\t\t\t\t\t\t\t<img decoding=\"async\" data-src=\"https:\/\/mallorcapremiumtours.com\/\/wp-content\/uploads\/elementor\/thumbs\/LOGO-ABGT-p2ev8vrk45kf7pulu3zxueurqsa66j6vixua0b171k.png\" title=\"ABGT LOGO\" alt=\"official guides\" src=\"data:image\/svg+xml;base64,PHN2ZyB3aWR0aD0iMSIgaGVpZ2h0PSIxIiB4bWxucz0iaHR0cDovL3d3dy53My5vcmcvMjAwMC9zdmciPjwvc3ZnPg==\" class=\"lazyload\" style=\"--smush-placeholder-width: 100px; --smush-placeholder-aspect-ratio: 100\/100;\" \/>\t\t\t\t\t\t\t\t<\/a>\n\t\t\t\t\t\t\t\t\t\t\t\t\t\t\t<\/div>\n\t\t\t\t<\/div>\n\t\t\t\t\t<\/div>\n\t\t<\/div>\n\t\t\t\t<div class=\"elementor-column elementor-col-50 elementor-inner-column elementor-element elementor-element-9a50d56\" data-id=\"9a50d56\" data-element_type=\"column\" data-e-type=\"column\">\n\t\t\t<div class=\"elementor-widget-wrap elementor-element-populated\">\n\t\t\t\t\t\t<div class=\"elementor-element elementor-element-258101af elementor-widget elementor-widget-heading\" data-id=\"258101af\" data-element_type=\"widget\" data-e-type=\"widget\" data-widget_type=\"heading.default\">\n\t\t\t\t<div class=\"elementor-widget-container\">\n\t\t\t\t\t<p class=\"elementor-heading-title elementor-size-default\">Follow us<\/p>\t\t\t\t<\/div>\n\t\t\t\t<\/div>\n\t\t\t\t<div class=\"elementor-element elementor-element-4ab10c75 elementor-shape-circle elementor-grid-0 e-grid-align-center elementor-widget elementor-widget-social-icons\" data-id=\"4ab10c75\" data-element_type=\"widget\" data-e-type=\"widget\" data-widget_type=\"social-icons.default\">\n\t\t\t\t<div class=\"elementor-widget-container\">\n\t\t\t\t\t\t\t<div class=\"elementor-social-icons-wrapper elementor-grid\" role=\"list\">\n\t\t\t\t\t\t\t<span class=\"elementor-grid-item\" role=\"listitem\">\n\t\t\t\t\t<a class=\"elementor-icon elementor-social-icon elementor-social-icon-facebook elementor-animation-pop elementor-repeater-item-8dd734c\" href=\"https:\/\/www.facebook.com\/mallorcapremiumtours\/\" target=\"_blank\">\n\t\t\t\t\t\t<span class=\"elementor-screen-only\">Facebook<\/span>\n\t\t\t\t\t\t<i aria-hidden=\"true\" class=\"fab fa-facebook\"><\/i>\t\t\t\t\t<\/a>\n\t\t\t\t<\/span>\n\t\t\t\t\t\t\t<span class=\"elementor-grid-item\" role=\"listitem\">\n\t\t\t\t\t<a class=\"elementor-icon elementor-social-icon elementor-social-icon-instagram elementor-animation-pop elementor-repeater-item-c8185a8\" href=\"https:\/\/www.instagram.com\/mallorcapremiumtours\/\" target=\"_blank\">\n\t\t\t\t\t\t<span class=\"elementor-screen-only\">Instagram<\/span>\n\t\t\t\t\t\t<i aria-hidden=\"true\" class=\"fab fa-instagram\"><\/i>\t\t\t\t\t<\/a>\n\t\t\t\t<\/span>\n\t\t\t\t\t\t\t<span class=\"elementor-grid-item\" role=\"listitem\">\n\t\t\t\t\t<a class=\"elementor-icon elementor-social-icon elementor-social-icon-tripadvisor elementor-animation-pop elementor-repeater-item-00a3c9a\" href=\"https:\/\/www.tripadvisor.es\/Attraction_Review-g187463-d12201527-Reviews-Mallorca_Premium_Tours-Palma_de_Mallorca_Majorca_Balearic_Islands.html\" target=\"_blank\">\n\t\t\t\t\t\t<span class=\"elementor-screen-only\">Tripadvisor<\/span>\n\t\t\t\t\t\t<i aria-hidden=\"true\" class=\"fab fa-tripadvisor\"><\/i>\t\t\t\t\t<\/a>\n\t\t\t\t<\/span>\n\t\t\t\t\t\t\t<span class=\"elementor-grid-item\" role=\"listitem\">\n\t\t\t\t\t<a class=\"elementor-icon elementor-social-icon elementor-social-icon-twitter elementor-animation-pop elementor-repeater-item-1b9a3c0\" href=\"https:\/\/twitter.com\/majorcafreetour\" target=\"_blank\">\n\t\t\t\t\t\t<span class=\"elementor-screen-only\">Twitter<\/span>\n\t\t\t\t\t\t<i aria-hidden=\"true\" class=\"fab fa-twitter\"><\/i>\t\t\t\t\t<\/a>\n\t\t\t\t<\/span>\n\t\t\t\t\t\t\t<span class=\"elementor-grid-item\" role=\"listitem\">\n\t\t\t\t\t<a class=\"elementor-icon elementor-social-icon elementor-social-icon-linkedin elementor-animation-pop elementor-repeater-item-ae9d49b\" href=\"https:\/\/www.linkedin.com\/company\/tour-teatro\" target=\"_blank\">\n\t\t\t\t\t\t<span class=\"elementor-screen-only\">Linkedin<\/span>\n\t\t\t\t\t\t<i aria-hidden=\"true\" class=\"fab fa-linkedin\"><\/i>\t\t\t\t\t<\/a>\n\t\t\t\t<\/span>\n\t\t\t\t\t<\/div>\n\t\t\t\t\t\t<\/div>\n\t\t\t\t<\/div>\n\t\t\t\t\t<\/div>\n\t\t<\/div>\n\t\t\t\t\t<\/div>\n\t\t<\/section>\n\t\t\t\t<section class=\"elementor-section elementor-inner-section elementor-element elementor-element-4ba87503 elementor-section-content-middle elementor-section-full_width elementor-section-height-default elementor-section-height-default\" data-id=\"4ba87503\" data-element_type=\"section\" data-e-type=\"section\" data-settings=\"{&quot;background_background&quot;:&quot;classic&quot;}\">\n\t\t\t\t\t\t<div class=\"elementor-container elementor-column-gap-default\">\n\t\t\t\t\t<div class=\"elementor-column elementor-col-50 elementor-inner-column elementor-element elementor-element-791ab575\" data-id=\"791ab575\" data-element_type=\"column\" data-e-type=\"column\">\n\t\t\t<div class=\"elementor-widget-wrap elementor-element-populated\">\n\t\t\t\t\t\t<div class=\"elementor-element elementor-element-66b41f0d elementor-align-end elementor-icon-list--layout-traditional elementor-list-item-link-full_width elementor-widget elementor-widget-icon-list\" data-id=\"66b41f0d\" data-element_type=\"widget\" data-e-type=\"widget\" data-widget_type=\"icon-list.default\">\n\t\t\t\t<div class=\"elementor-widget-container\">\n\t\t\t\t\t\t\t<ul class=\"elementor-icon-list-items\">\n\t\t\t\t\t\t\t<li class=\"elementor-icon-list-item\">\n\t\t\t\t\t\t\t\t\t\t\t<a href=\"https:\/\/tourteatro.es\/politica-de-privacidad\/\">\n\n\t\t\t\t\t\t\t\t\t\t\t<span class=\"elementor-icon-list-text\">Legal disclaimer<\/span>\n\t\t\t\t\t\t\t\t\t\t\t<\/a>\n\t\t\t\t\t\t\t\t\t<\/li>\n\t\t\t\t\t\t<\/ul>\n\t\t\t\t\t\t<\/div>\n\t\t\t\t<\/div>\n\t\t\t\t\t<\/div>\n\t\t<\/div>\n\t\t\t\t<div class=\"elementor-column elementor-col-50 elementor-inner-column elementor-element elementor-element-19fc0df3\" data-id=\"19fc0df3\" data-element_type=\"column\" data-e-type=\"column\">\n\t\t\t<div class=\"elementor-widget-wrap elementor-element-populated\">\n\t\t\t\t\t\t<div class=\"elementor-element elementor-element-52977d31 elementor-align-start elementor-icon-list--layout-traditional elementor-list-item-link-full_width elementor-widget elementor-widget-icon-list\" data-id=\"52977d31\" data-element_type=\"widget\" data-e-type=\"widget\" data-widget_type=\"icon-list.default\">\n\t\t\t\t<div class=\"elementor-widget-container\">\n\t\t\t\t\t\t\t<ul class=\"elementor-icon-list-items\">\n\t\t\t\t\t\t\t<li class=\"elementor-icon-list-item\">\n\t\t\t\t\t\t\t\t\t\t\t<a href=\"https:\/\/tourteatro.es\/politica-de-cookies\/\">\n\n\t\t\t\t\t\t\t\t\t\t\t<span class=\"elementor-icon-list-text\">Cookies policy<\/span>\n\t\t\t\t\t\t\t\t\t\t\t<\/a>\n\t\t\t\t\t\t\t\t\t<\/li>\n\t\t\t\t\t\t<\/ul>\n\t\t\t\t\t\t<\/div>\n\t\t\t\t<\/div>\n\t\t\t\t\t<\/div>\n\t\t<\/div>\n\t\t\t\t\t<\/div>\n\t\t<\/section>\n\t\t\t\t<section class=\"elementor-section elementor-inner-section elementor-element elementor-element-55dfe4d4 elementor-section-content-middle elementor-section-boxed elementor-section-height-default elementor-section-height-default\" data-id=\"55dfe4d4\" data-element_type=\"section\" data-e-type=\"section\">\n\t\t\t\t\t\t<div class=\"elementor-container elementor-column-gap-default\">\n\t\t\t\t\t<div class=\"elementor-column elementor-col-100 elementor-inner-column elementor-element elementor-element-260f85c2\" data-id=\"260f85c2\" data-element_type=\"column\" data-e-type=\"column\">\n\t\t\t<div class=\"elementor-widget-wrap elementor-element-populated\">\n\t\t\t\t\t\t<div class=\"elementor-element elementor-element-1e223645 elementor-widget elementor-widget-heading\" data-id=\"1e223645\" data-element_type=\"widget\" data-e-type=\"widget\" data-widget_type=\"heading.default\">\n\t\t\t\t<div class=\"elementor-widget-container\">\n\t\t\t\t\t<p class=\"elementor-heading-title elementor-size-default\">Copyright \u00a9 Tour Teatro C.B  - C.I.F.: E16517252 - MT\/102\/-BAL - C\/ Reina Maria Cristina, 67, 1r A, Palma de Mallorca.<\/p>\t\t\t\t<\/div>\n\t\t\t\t<\/div>\n\t\t\t\t\t<\/div>\n\t\t<\/div>\n\t\t\t\t\t<\/div>\n\t\t<\/section>\n\t\t\t\t\t<\/div>\n\t\t<\/div>\n\t\t\t\t\t<\/div>\n\t\t<\/footer>\n\t\t\t\t<\/div>\n\t\t","protected":false},"excerpt":{"rendered":"<p>MODERNISM by Mallorca Premium Tours Modernism in Mallorca WALKING TOURS IN PALMA The Modernism in Mallorca is also called Art Nouveau, Jugendstil, Modern Style, Floreale or Sezessionstil came up in Europe at the end of the 19th Century. This new architectonical style is defined by the freedom in creation which one allows the use of &#8230; <a title=\"info Modernism\" class=\"read-more\" href=\"https:\/\/mallorcapremiumtours.com\/en\/palma-walking-tours\/discover-old-town-palma\/modernism\/\" aria-label=\"More on info Modernism\">Read more<\/a><\/p>\n","protected":false},"author":1,"featured_media":4542,"parent":7764,"menu_order":0,"comment_status":"closed","ping_status":"closed","template":"elementor_header_footer","meta":{"footnotes":""},"class_list":["post-816","page","type-page","status-publish","has-post-thumbnail"],"yoast_head":"<!-- This site is optimized with the Yoast SEO plugin v27.3 - https:\/\/yoast.com\/product\/yoast-seo-wordpress\/ -->\n<title>Modernism in Mallorca | Mallorca Premium Tours<\/title>\n<meta name=\"description\" content=\"Modernism in Mallorca - Learn with local and official guides from Mallorca in English, French, German and Spanish. Bookings: +34 683 31 71 92\" \/>\n<meta name=\"robots\" content=\"index, follow, max-snippet:-1, max-image-preview:large, max-video-preview:-1\" \/>\n<link rel=\"canonical\" href=\"https:\/\/mallorcapremiumtours.com\/en\/palma-walking-tours\/discover-old-town-palma\/modernism\/\" \/>\n<meta property=\"og:locale\" content=\"en_US\" \/>\n<meta property=\"og:type\" content=\"article\" \/>\n<meta property=\"og:title\" content=\"Modernism in Mallorca | Mallorca Premium Tours\" \/>\n<meta property=\"og:description\" content=\"Modernism in Mallorca - Learn with local and official guides from Mallorca in English, French, German and Spanish. Bookings: +34 683 31 71 92\" \/>\n<meta property=\"og:url\" content=\"https:\/\/mallorcapremiumtours.com\/en\/palma-walking-tours\/discover-old-town-palma\/modernism\/\" \/>\n<meta property=\"og:site_name\" content=\"Mallorca Premium Tours\" \/>\n<meta property=\"article:publisher\" content=\"https:\/\/www.facebook.com\/mallorcapremiumtours\/\" \/>\n<meta property=\"article:modified_time\" content=\"2023-01-31T19:47:06+00:00\" \/>\n<meta property=\"og:image\" content=\"https:\/\/mallorcapremiumtours.com\/\/wp-content\/uploads\/2020\/04\/IMG_20181129_113653-768x1024.jpg\" \/>\n\t<meta property=\"og:image:width\" content=\"768\" \/>\n\t<meta property=\"og:image:height\" content=\"1024\" \/>\n\t<meta property=\"og:image:type\" content=\"image\/jpeg\" \/>\n<meta name=\"twitter:card\" content=\"summary_large_image\" \/>\n<meta name=\"twitter:label1\" content=\"Est. reading time\" \/>\n\t<meta name=\"twitter:data1\" content=\"4 minutes\" \/>\n<script type=\"application\/ld+json\" class=\"yoast-schema-graph\">{\"@context\":\"https:\\\/\\\/schema.org\",\"@graph\":[{\"@type\":\"WebPage\",\"@id\":\"https:\\\/\\\/mallorcapremiumtours.com\\\/en\\\/palma-walking-tours\\\/discover-old-town-palma\\\/modernism\\\/\",\"url\":\"https:\\\/\\\/mallorcapremiumtours.com\\\/en\\\/palma-walking-tours\\\/discover-old-town-palma\\\/modernism\\\/\",\"name\":\"Modernism in Mallorca | Mallorca Premium Tours\",\"isPartOf\":{\"@id\":\"https:\\\/\\\/mallorcapremiumtours.com\\\/#website\"},\"primaryImageOfPage\":{\"@id\":\"https:\\\/\\\/mallorcapremiumtours.com\\\/en\\\/palma-walking-tours\\\/discover-old-town-palma\\\/modernism\\\/#primaryimage\"},\"image\":{\"@id\":\"https:\\\/\\\/mallorcapremiumtours.com\\\/en\\\/palma-walking-tours\\\/discover-old-town-palma\\\/modernism\\\/#primaryimage\"},\"thumbnailUrl\":\"https:\\\/\\\/mallorcapremiumtours.com\\\/\\\/wp-content\\\/uploads\\\/2020\\\/04\\\/IMG_20181129_113653.jpg\",\"datePublished\":\"2019-07-22T10:02:52+00:00\",\"dateModified\":\"2023-01-31T19:47:06+00:00\",\"description\":\"Modernism in Mallorca - Learn with local and official guides from Mallorca in English, French, German and Spanish. Bookings: +34 683 31 71 92\",\"breadcrumb\":{\"@id\":\"https:\\\/\\\/mallorcapremiumtours.com\\\/en\\\/palma-walking-tours\\\/discover-old-town-palma\\\/modernism\\\/#breadcrumb\"},\"inLanguage\":\"en-US\",\"potentialAction\":[{\"@type\":\"ReadAction\",\"target\":[\"https:\\\/\\\/mallorcapremiumtours.com\\\/en\\\/palma-walking-tours\\\/discover-old-town-palma\\\/modernism\\\/\"]}]},{\"@type\":\"ImageObject\",\"inLanguage\":\"en-US\",\"@id\":\"https:\\\/\\\/mallorcapremiumtours.com\\\/en\\\/palma-walking-tours\\\/discover-old-town-palma\\\/modernism\\\/#primaryimage\",\"url\":\"https:\\\/\\\/mallorcapremiumtours.com\\\/\\\/wp-content\\\/uploads\\\/2020\\\/04\\\/IMG_20181129_113653.jpg\",\"contentUrl\":\"https:\\\/\\\/mallorcapremiumtours.com\\\/\\\/wp-content\\\/uploads\\\/2020\\\/04\\\/IMG_20181129_113653.jpg\",\"width\":1920,\"height\":2560,\"caption\":\"Modernism Palma - Forn des Teatre\"},{\"@type\":\"BreadcrumbList\",\"@id\":\"https:\\\/\\\/mallorcapremiumtours.com\\\/en\\\/palma-walking-tours\\\/discover-old-town-palma\\\/modernism\\\/#breadcrumb\",\"itemListElement\":[{\"@type\":\"ListItem\",\"position\":1,\"name\":\"Portada\",\"item\":\"https:\\\/\\\/mallorcapremiumtours.com\\\/en\\\/\"},{\"@type\":\"ListItem\",\"position\":2,\"name\":\"Guided tours Palma\",\"item\":\"https:\\\/\\\/mallorcapremiumtours.com\\\/en\\\/palma-walking-tours\\\/\"},{\"@type\":\"ListItem\",\"position\":3,\"name\":\"Visit Palma Old Town\",\"item\":\"https:\\\/\\\/mallorcapremiumtours.com\\\/en\\\/palma-walking-tours\\\/discover-old-town-palma\\\/\"},{\"@type\":\"ListItem\",\"position\":4,\"name\":\"info Modernism\"}]},{\"@type\":\"WebSite\",\"@id\":\"https:\\\/\\\/mallorcapremiumtours.com\\\/#website\",\"url\":\"https:\\\/\\\/mallorcapremiumtours.com\\\/\",\"name\":\"Mallorca Premium Tours\",\"description\":\"Tours y visitas guiadas privadas en Mallorca\",\"publisher\":{\"@id\":\"https:\\\/\\\/mallorcapremiumtours.com\\\/#organization\"},\"potentialAction\":[{\"@type\":\"SearchAction\",\"target\":{\"@type\":\"EntryPoint\",\"urlTemplate\":\"https:\\\/\\\/mallorcapremiumtours.com\\\/?s={search_term_string}\"},\"query-input\":{\"@type\":\"PropertyValueSpecification\",\"valueRequired\":true,\"valueName\":\"search_term_string\"}}],\"inLanguage\":\"en-US\"},{\"@type\":\"Organization\",\"@id\":\"https:\\\/\\\/mallorcapremiumtours.com\\\/#organization\",\"name\":\"Mallorca Premium Tours\",\"url\":\"https:\\\/\\\/mallorcapremiumtours.com\\\/\",\"logo\":{\"@type\":\"ImageObject\",\"inLanguage\":\"en-US\",\"@id\":\"https:\\\/\\\/mallorcapremiumtours.com\\\/#\\\/schema\\\/logo\\\/image\\\/\",\"url\":\"https:\\\/\\\/mallorcapremiumtours.com\\\/\\\/wp-content\\\/uploads\\\/2023\\\/03\\\/Premium-tours-sin-fondo-reducida-ESP.png\",\"contentUrl\":\"https:\\\/\\\/mallorcapremiumtours.com\\\/\\\/wp-content\\\/uploads\\\/2023\\\/03\\\/Premium-tours-sin-fondo-reducida-ESP.png\",\"width\":608,\"height\":608,\"caption\":\"Mallorca Premium Tours\"},\"image\":{\"@id\":\"https:\\\/\\\/mallorcapremiumtours.com\\\/#\\\/schema\\\/logo\\\/image\\\/\"},\"sameAs\":[\"https:\\\/\\\/www.facebook.com\\\/mallorcapremiumtours\\\/\"]}]}<\/script>\n<!-- \/ Yoast SEO plugin. -->","yoast_head_json":{"title":"Modernism in Mallorca | Mallorca Premium Tours","description":"Modernism in Mallorca - Learn with local and official guides from Mallorca in English, French, German and Spanish. Bookings: +34 683 31 71 92","robots":{"index":"index","follow":"follow","max-snippet":"max-snippet:-1","max-image-preview":"max-image-preview:large","max-video-preview":"max-video-preview:-1"},"canonical":"https:\/\/mallorcapremiumtours.com\/en\/palma-walking-tours\/discover-old-town-palma\/modernism\/","og_locale":"en_US","og_type":"article","og_title":"Modernism in Mallorca | Mallorca Premium Tours","og_description":"Modernism in Mallorca - Learn with local and official guides from Mallorca in English, French, German and Spanish. Bookings: +34 683 31 71 92","og_url":"https:\/\/mallorcapremiumtours.com\/en\/palma-walking-tours\/discover-old-town-palma\/modernism\/","og_site_name":"Mallorca Premium Tours","article_publisher":"https:\/\/www.facebook.com\/mallorcapremiumtours\/","article_modified_time":"2023-01-31T19:47:06+00:00","og_image":[{"width":768,"height":1024,"url":"https:\/\/mallorcapremiumtours.com\/\/wp-content\/uploads\/2020\/04\/IMG_20181129_113653-768x1024.jpg","type":"image\/jpeg"}],"twitter_card":"summary_large_image","twitter_misc":{"Est. reading time":"4 minutes"},"schema":{"@context":"https:\/\/schema.org","@graph":[{"@type":"WebPage","@id":"https:\/\/mallorcapremiumtours.com\/en\/palma-walking-tours\/discover-old-town-palma\/modernism\/","url":"https:\/\/mallorcapremiumtours.com\/en\/palma-walking-tours\/discover-old-town-palma\/modernism\/","name":"Modernism in Mallorca | Mallorca Premium Tours","isPartOf":{"@id":"https:\/\/mallorcapremiumtours.com\/#website"},"primaryImageOfPage":{"@id":"https:\/\/mallorcapremiumtours.com\/en\/palma-walking-tours\/discover-old-town-palma\/modernism\/#primaryimage"},"image":{"@id":"https:\/\/mallorcapremiumtours.com\/en\/palma-walking-tours\/discover-old-town-palma\/modernism\/#primaryimage"},"thumbnailUrl":"https:\/\/mallorcapremiumtours.com\/\/wp-content\/uploads\/2020\/04\/IMG_20181129_113653.jpg","datePublished":"2019-07-22T10:02:52+00:00","dateModified":"2023-01-31T19:47:06+00:00","description":"Modernism in Mallorca - Learn with local and official guides from Mallorca in English, French, German and Spanish. Bookings: +34 683 31 71 92","breadcrumb":{"@id":"https:\/\/mallorcapremiumtours.com\/en\/palma-walking-tours\/discover-old-town-palma\/modernism\/#breadcrumb"},"inLanguage":"en-US","potentialAction":[{"@type":"ReadAction","target":["https:\/\/mallorcapremiumtours.com\/en\/palma-walking-tours\/discover-old-town-palma\/modernism\/"]}]},{"@type":"ImageObject","inLanguage":"en-US","@id":"https:\/\/mallorcapremiumtours.com\/en\/palma-walking-tours\/discover-old-town-palma\/modernism\/#primaryimage","url":"https:\/\/mallorcapremiumtours.com\/\/wp-content\/uploads\/2020\/04\/IMG_20181129_113653.jpg","contentUrl":"https:\/\/mallorcapremiumtours.com\/\/wp-content\/uploads\/2020\/04\/IMG_20181129_113653.jpg","width":1920,"height":2560,"caption":"Modernism Palma - Forn des Teatre"},{"@type":"BreadcrumbList","@id":"https:\/\/mallorcapremiumtours.com\/en\/palma-walking-tours\/discover-old-town-palma\/modernism\/#breadcrumb","itemListElement":[{"@type":"ListItem","position":1,"name":"Portada","item":"https:\/\/mallorcapremiumtours.com\/en\/"},{"@type":"ListItem","position":2,"name":"Guided tours Palma","item":"https:\/\/mallorcapremiumtours.com\/en\/palma-walking-tours\/"},{"@type":"ListItem","position":3,"name":"Visit Palma Old Town","item":"https:\/\/mallorcapremiumtours.com\/en\/palma-walking-tours\/discover-old-town-palma\/"},{"@type":"ListItem","position":4,"name":"info Modernism"}]},{"@type":"WebSite","@id":"https:\/\/mallorcapremiumtours.com\/#website","url":"https:\/\/mallorcapremiumtours.com\/","name":"Mallorca Premium Tours","description":"Tours y visitas guiadas privadas en Mallorca","publisher":{"@id":"https:\/\/mallorcapremiumtours.com\/#organization"},"potentialAction":[{"@type":"SearchAction","target":{"@type":"EntryPoint","urlTemplate":"https:\/\/mallorcapremiumtours.com\/?s={search_term_string}"},"query-input":{"@type":"PropertyValueSpecification","valueRequired":true,"valueName":"search_term_string"}}],"inLanguage":"en-US"},{"@type":"Organization","@id":"https:\/\/mallorcapremiumtours.com\/#organization","name":"Mallorca Premium Tours","url":"https:\/\/mallorcapremiumtours.com\/","logo":{"@type":"ImageObject","inLanguage":"en-US","@id":"https:\/\/mallorcapremiumtours.com\/#\/schema\/logo\/image\/","url":"https:\/\/mallorcapremiumtours.com\/\/wp-content\/uploads\/2023\/03\/Premium-tours-sin-fondo-reducida-ESP.png","contentUrl":"https:\/\/mallorcapremiumtours.com\/\/wp-content\/uploads\/2023\/03\/Premium-tours-sin-fondo-reducida-ESP.png","width":608,"height":608,"caption":"Mallorca Premium Tours"},"image":{"@id":"https:\/\/mallorcapremiumtours.com\/#\/schema\/logo\/image\/"},"sameAs":["https:\/\/www.facebook.com\/mallorcapremiumtours\/"]}]}},"_links":{"self":[{"href":"https:\/\/mallorcapremiumtours.com\/en\/wp-json\/wp\/v2\/pages\/816","targetHints":{"allow":["GET"]}}],"collection":[{"href":"https:\/\/mallorcapremiumtours.com\/en\/wp-json\/wp\/v2\/pages"}],"about":[{"href":"https:\/\/mallorcapremiumtours.com\/en\/wp-json\/wp\/v2\/types\/page"}],"author":[{"embeddable":true,"href":"https:\/\/mallorcapremiumtours.com\/en\/wp-json\/wp\/v2\/users\/1"}],"replies":[{"embeddable":true,"href":"https:\/\/mallorcapremiumtours.com\/en\/wp-json\/wp\/v2\/comments?post=816"}],"version-history":[{"count":7,"href":"https:\/\/mallorcapremiumtours.com\/en\/wp-json\/wp\/v2\/pages\/816\/revisions"}],"predecessor-version":[{"id":14385,"href":"https:\/\/mallorcapremiumtours.com\/en\/wp-json\/wp\/v2\/pages\/816\/revisions\/14385"}],"up":[{"embeddable":true,"href":"https:\/\/mallorcapremiumtours.com\/en\/wp-json\/wp\/v2\/pages\/7764"}],"wp:featuredmedia":[{"embeddable":true,"href":"https:\/\/mallorcapremiumtours.com\/en\/wp-json\/wp\/v2\/media\/4542"}],"wp:attachment":[{"href":"https:\/\/mallorcapremiumtours.com\/en\/wp-json\/wp\/v2\/media?parent=816"}],"curies":[{"name":"wp","href":"https:\/\/api.w.org\/{rel}","templated":true}]}}