{"id":18360,"date":"2023-06-20T09:45:01","date_gmt":"2023-06-20T09:45:01","guid":{"rendered":"https:\/\/mallorcapremiumtours.com\/reservation-confirmee-majorque-pour-la-premiere-fois\/"},"modified":"2023-06-20T09:56:26","modified_gmt":"2023-06-20T09:56:26","slug":"reservation-confirmee-majorque-pour-la-premiere-fois","status":"publish","type":"page","link":"https:\/\/mallorcapremiumtours.com\/fr\/reservation-confirmee-majorque-pour-la-premiere-fois\/","title":{"rendered":"R\u00e9servation confirm\u00e9e &#8211; Majorque pour la premi\u00e8re fois"},"content":{"rendered":"\t\t<div data-elementor-type=\"wp-page\" data-elementor-id=\"18360\" class=\"elementor elementor-18360 elementor-18343\" data-elementor-post-type=\"page\">\n\t\t\t\t\t\t<section class=\"elementor-section elementor-top-section elementor-element elementor-element-16b75a7c elementor-section-stretched elementor-section-full_width elementor-section-height-default elementor-section-height-default\" data-id=\"16b75a7c\" data-element_type=\"section\" data-e-type=\"section\" data-settings=\"{&quot;stretch_section&quot;:&quot;section-stretched&quot;,&quot;background_background&quot;:&quot;classic&quot;}\">\n\t\t\t\t\t\t\t<div class=\"elementor-background-overlay\"><\/div>\n\t\t\t\t\t\t\t<div class=\"elementor-container elementor-column-gap-default\">\n\t\t\t\t\t<div class=\"elementor-column elementor-col-100 elementor-top-column elementor-element elementor-element-739e3c9b\" data-id=\"739e3c9b\" data-element_type=\"column\" data-e-type=\"column\">\n\t\t\t<div class=\"elementor-widget-wrap elementor-element-populated\">\n\t\t\t\t\t\t<div class=\"elementor-element elementor-element-632215c3 elementor-widget elementor-widget-template\" data-id=\"632215c3\" data-element_type=\"widget\" data-e-type=\"widget\" data-widget_type=\"template.default\">\n\t\t\t\t<div class=\"elementor-widget-container\">\n\t\t\t\t\t\t\t<div class=\"elementor-template\">\n\t\t\t\t\t<div data-elementor-type=\"section\" data-elementor-id=\"11311\" class=\"elementor elementor-11311 elementor-3636 elementor-3636\" data-elementor-post-type=\"elementor_library\">\n\t\t\t\t\t<section class=\"elementor-section elementor-top-section elementor-element elementor-element-a7a104a elementor-section-full_width elementor-section-stretched elementor-section-height-default elementor-section-height-default\" data-id=\"a7a104a\" data-element_type=\"section\" data-e-type=\"section\" data-settings=\"{&quot;stretch_section&quot;:&quot;section-stretched&quot;,&quot;background_background&quot;:&quot;gradient&quot;}\">\n\t\t\t\t\t\t<div class=\"elementor-container elementor-column-gap-default\">\n\t\t\t\t\t<div class=\"elementor-column elementor-col-100 elementor-top-column elementor-element elementor-element-e0f6951\" data-id=\"e0f6951\" data-element_type=\"column\" data-e-type=\"column\">\n\t\t\t<div class=\"elementor-widget-wrap elementor-element-populated\">\n\t\t\t\t\t\t<section class=\"elementor-section elementor-inner-section elementor-element elementor-element-1e0e647 elementor-section-boxed elementor-section-height-default elementor-section-height-default\" data-id=\"1e0e647\" data-element_type=\"section\" data-e-type=\"section\">\n\t\t\t\t\t\t<div class=\"elementor-container elementor-column-gap-default\">\n\t\t\t\t\t<div class=\"elementor-column elementor-col-50 elementor-inner-column elementor-element elementor-element-e5b06a4\" data-id=\"e5b06a4\" data-element_type=\"column\" data-e-type=\"column\">\n\t\t\t<div class=\"elementor-widget-wrap elementor-element-populated\">\n\t\t\t\t\t\t<div class=\"elementor-element elementor-element-5e4f48a animated-fast elementor-invisible elementor-widget elementor-widget-theme-site-logo elementor-widget-image\" data-id=\"5e4f48a\" data-element_type=\"widget\" data-e-type=\"widget\" data-settings=\"{&quot;_animation&quot;:&quot;zoomIn&quot;}\" data-widget_type=\"theme-site-logo.default\">\n\t\t\t\t<div class=\"elementor-widget-container\">\n\t\t\t\t\t\t\t\t\t\t\t<a href=\"https:\/\/mallorcapremiumtours.com\/fr\/\">\n\t\t\t<img decoding=\"async\" width=\"505\" height=\"518\" data-src=\"https:\/\/mallorcapremiumtours.com\/\/wp-content\/uploads\/2020\/03\/logotipo-mallorca-premium-tours-sin-fondo-reducida-ING.png\" class=\"attachment-full size-full wp-image-13937 lazyload\" alt=\"Mallorca Premium Tours logo\" data-srcset=\"https:\/\/mallorcapremiumtours.com\/\/wp-content\/uploads\/2020\/03\/logotipo-mallorca-premium-tours-sin-fondo-reducida-ING.png 505w, https:\/\/mallorcapremiumtours.com\/\/wp-content\/uploads\/2020\/03\/logotipo-mallorca-premium-tours-sin-fondo-reducida-ING-292x300.png 292w\" data-sizes=\"(max-width: 505px) 100vw, 505px\" src=\"data:image\/svg+xml;base64,PHN2ZyB3aWR0aD0iMSIgaGVpZ2h0PSIxIiB4bWxucz0iaHR0cDovL3d3dy53My5vcmcvMjAwMC9zdmciPjwvc3ZnPg==\" style=\"--smush-placeholder-width: 505px; --smush-placeholder-aspect-ratio: 505\/518;\" \/>\t\t\t\t<\/a>\n\t\t\t\t\t\t\t\t\t\t\t<\/div>\n\t\t\t\t<\/div>\n\t\t\t\t\t<\/div>\n\t\t<\/div>\n\t\t\t\t<div class=\"elementor-column elementor-col-50 elementor-inner-column elementor-element elementor-element-dbabb25\" data-id=\"dbabb25\" data-element_type=\"column\" data-e-type=\"column\">\n\t\t\t<div class=\"elementor-widget-wrap elementor-element-populated\">\n\t\t\t\t\t\t<div class=\"elementor-element elementor-element-488d677 elementor-nav-menu__align-center elementor-nav-menu--dropdown-mobile elementor-nav-menu--stretch elementor-nav-menu__text-align-center elementor-widget elementor-widget-nav-menu\" data-id=\"488d677\" data-element_type=\"widget\" data-e-type=\"widget\" data-settings=\"{&quot;full_width&quot;:&quot;stretch&quot;,&quot;submenu_icon&quot;:{&quot;value&quot;:&quot;&lt;i class=\\&quot;fas fa-angle-down\\&quot; aria-hidden=\\&quot;true\\&quot;&gt;&lt;\\\/i&gt;&quot;,&quot;library&quot;:&quot;fa-solid&quot;},&quot;layout&quot;:&quot;horizontal&quot;}\" data-widget_type=\"nav-menu.default\">\n\t\t\t\t<div class=\"elementor-widget-container\">\n\t\t\t\t\t\t\t\t<nav aria-label=\"Menu\" class=\"elementor-nav-menu--main elementor-nav-menu__container elementor-nav-menu--layout-horizontal e--pointer-background e--animation-grow\">\n\t\t\t\t<ul id=\"menu-1-488d677\" class=\"elementor-nav-menu\"><li class=\"menu-item menu-item-type-post_type menu-item-object-page menu-item-has-children menu-item-2919\"><a href=\"https:\/\/mallorcapremiumtours.com\/fr\/visites-guidees-a-palma\/\" class=\"elementor-item\">Visites \u00e0 Palma<\/a>\n<ul class=\"sub-menu elementor-nav-menu--dropdown\">\n\t<li class=\"menu-item menu-item-type-post_type menu-item-object-page menu-item-8263\"><a href=\"https:\/\/mallorcapremiumtours.com\/fr\/visites-guidees-a-palma\/vieille-ville-majorque\/\" title=\"Visite guid\u00e9e priv\u00e9e de la vieille ville de Palma\" class=\"elementor-sub-item\">Visite de la vieille ville de Palma<\/a><\/li>\n\t<li class=\"menu-item menu-item-type-post_type menu-item-object-page menu-item-8301\"><a href=\"https:\/\/mallorcapremiumtours.com\/fr\/visites-guidees-a-palma\/cathedrale-de-majorque\/\" title=\"Visite guid\u00e9e priv\u00e9e de la cath\u00e9drale de Majorque \u00e0 Palma\" class=\"elementor-sub-item\">Cath\u00e9drale de Majorque<\/a><\/li>\n\t<li class=\"menu-item menu-item-type-post_type menu-item-object-page menu-item-8294\"><a href=\"https:\/\/mallorcapremiumtours.com\/fr\/visites-guidees-a-palma\/mysteres-et-legendes-de-palma\/\" title=\"Visite nocturne priv\u00e9e : myst\u00e8res et l\u00e9gendes de Palma\" class=\"elementor-sub-item\">Myst\u00e8res et l\u00e9gendes de Palma<\/a><\/li>\n<\/ul>\n<\/li>\n<li class=\"menu-item menu-item-type-post_type menu-item-object-page menu-item-has-children menu-item-2936\"><a href=\"https:\/\/mallorcapremiumtours.com\/fr\/tours-a-majorque\/\" class=\"elementor-item\">Tours \u00e0 Majorque<\/a>\n<ul class=\"sub-menu elementor-nav-menu--dropdown\">\n\t<li class=\"menu-item menu-item-type-post_type menu-item-object-page menu-item-17785\"><a href=\"https:\/\/mallorcapremiumtours.com\/fr\/tours-a-majorque\/tours-majorque-palma-valldemossa-4h\/\" title=\"Tour priv\u00e9 de 4 heures \u00e0 Palma et Valldemossa avec guide officiel\" class=\"elementor-sub-item\">Tour priv\u00e9 Palma &amp; Valldemossa (4h)<\/a><\/li>\n\t<li class=\"menu-item menu-item-type-post_type menu-item-object-page menu-item-17784\"><a href=\"https:\/\/mallorcapremiumtours.com\/fr\/tours-a-majorque\/cathedrale-lonja-bellver-palma-4h\/\" title=\"Tour priv\u00e9 de Palma : cath\u00e9drale, Lonja et ch\u00e2teau de Bellver (4h)\" class=\"elementor-sub-item\">Incontournables de Palma : cath\u00e9drale, Lonja et ch\u00e2teau de Bellver (4h)<\/a><\/li>\n\t<li class=\"menu-item menu-item-type-post_type menu-item-object-page menu-item-8413\"><a href=\"https:\/\/mallorcapremiumtours.com\/fr\/tours-a-majorque\/valldemossa-et-soller\/\" title=\"Tour priv\u00e9 d\u2019une journ\u00e9e \u00e0 Valldemossa et S\u00f3ller (Serra de Tramuntana)\" class=\"elementor-sub-item\">Valldemossa et S\u00f3ller<\/a><\/li>\n\t<li class=\"menu-item menu-item-type-post_type menu-item-object-page menu-item-23528\"><a href=\"https:\/\/mallorcapremiumtours.com\/fr\/visite-des-caves-de-majorque\/\" class=\"elementor-sub-item\">Visite de domaines viticoles \u00e0 Majorque<\/a><\/li>\n\t<li class=\"menu-item menu-item-type-post_type menu-item-object-page menu-item-8392\"><a href=\"https:\/\/mallorcapremiumtours.com\/fr\/tours-a-majorque\/arta-et-les-grottes-darta\/\" title=\"Excursion priv\u00e9e \u00e0 Art\u00e0 et aux grottes d\u2019Art\u00e0 avec chauffeur\" class=\"elementor-sub-item\">Art\u00e0 et les grottes d\u2019Art\u00e0<\/a><\/li>\n<\/ul>\n<\/li>\n<li class=\"menu-item menu-item-type-post_type menu-item-object-page menu-item-16914\"><a href=\"https:\/\/mallorcapremiumtours.com\/fr\/nos-guides\/\" class=\"elementor-item\">Nos guides<\/a><\/li>\n<li class=\"menu-item menu-item-type-custom menu-item-object-custom menu-item-16435\"><a href=\"https:\/\/mallorcapremiumtours.com\/fr\/blog-fr\/\" class=\"elementor-item\">Blog<\/a><\/li>\n<li class=\"menu-item menu-item-type-post_type menu-item-object-page menu-item-13945\"><a href=\"https:\/\/mallorcapremiumtours.com\/fr\/contacter\/\" class=\"elementor-item\">Contacter<\/a><\/li>\n<li class=\"menu-item wpml-ls-slot-6 wpml-ls-item wpml-ls-item-es wpml-ls-menu-item wpml-ls-first-item menu-item-type-wpml_ls_menu_item menu-item-object-wpml_ls_menu_item menu-item-wpml-ls-6-es\"><a href=\"https:\/\/mallorcapremiumtours.com\/\" title=\"Passer \u00e0 Espagnol\" aria-label=\"Passer \u00e0 Espagnol\" class=\"elementor-item\"><img decoding=\"async\"\n            class=\"wpml-ls-flag lazyload\"\n            data-src=\"https:\/\/mallorcapremiumtours.com\/wp-content\/plugins\/sitepress-multilingual-cms\/res\/flags\/es.png\"\n            alt=\"Espagnol\"\n           \n            width=18\n            height=12\n src=\"data:image\/svg+xml;base64,PHN2ZyB3aWR0aD0iMSIgaGVpZ2h0PSIxIiB4bWxucz0iaHR0cDovL3d3dy53My5vcmcvMjAwMC9zdmciPjwvc3ZnPg==\" style=\"--smush-placeholder-width: 18px; --smush-placeholder-aspect-ratio: 18\/12;\" \/><\/a><\/li>\n<li class=\"menu-item wpml-ls-slot-6 wpml-ls-item wpml-ls-item-en wpml-ls-menu-item menu-item-type-wpml_ls_menu_item menu-item-object-wpml_ls_menu_item menu-item-wpml-ls-6-en\"><a href=\"https:\/\/mallorcapremiumtours.com\/en\/\" title=\"Passer \u00e0 Anglais\" aria-label=\"Passer \u00e0 Anglais\" class=\"elementor-item\"><img decoding=\"async\"\n            class=\"wpml-ls-flag lazyload\"\n            data-src=\"https:\/\/mallorcapremiumtours.com\/wp-content\/plugins\/sitepress-multilingual-cms\/res\/flags\/en.png\"\n            alt=\"Anglais\"\n           \n            width=18\n            height=12\n src=\"data:image\/svg+xml;base64,PHN2ZyB3aWR0aD0iMSIgaGVpZ2h0PSIxIiB4bWxucz0iaHR0cDovL3d3dy53My5vcmcvMjAwMC9zdmciPjwvc3ZnPg==\" style=\"--smush-placeholder-width: 18px; --smush-placeholder-aspect-ratio: 18\/12;\" \/><\/a><\/li>\n<li class=\"menu-item wpml-ls-slot-6 wpml-ls-item wpml-ls-item-fr wpml-ls-current-language wpml-ls-menu-item menu-item-type-wpml_ls_menu_item menu-item-object-wpml_ls_menu_item menu-item-wpml-ls-6-fr\"><a href=\"https:\/\/mallorcapremiumtours.com\/fr\/\" aria-current=\"page\" class=\"elementor-item\"><img decoding=\"async\"\n            class=\"wpml-ls-flag lazyload\"\n            data-src=\"https:\/\/mallorcapremiumtours.com\/wp-content\/plugins\/sitepress-multilingual-cms\/res\/flags\/fr.png\"\n            alt=\"Fran\u00e7ais\"\n           \n            width=18\n            height=12\n src=\"data:image\/svg+xml;base64,PHN2ZyB3aWR0aD0iMSIgaGVpZ2h0PSIxIiB4bWxucz0iaHR0cDovL3d3dy53My5vcmcvMjAwMC9zdmciPjwvc3ZnPg==\" style=\"--smush-placeholder-width: 18px; --smush-placeholder-aspect-ratio: 18\/12;\" \/><\/a><\/li>\n<li class=\"menu-item wpml-ls-slot-6 wpml-ls-item wpml-ls-item-de wpml-ls-menu-item wpml-ls-last-item menu-item-type-wpml_ls_menu_item menu-item-object-wpml_ls_menu_item menu-item-wpml-ls-6-de\"><a href=\"https:\/\/mallorcapremiumtours.com\/de\/\" title=\"Passer \u00e0 Allemand\" aria-label=\"Passer \u00e0 Allemand\" class=\"elementor-item\"><img decoding=\"async\"\n            class=\"wpml-ls-flag lazyload\"\n            data-src=\"https:\/\/mallorcapremiumtours.com\/wp-content\/plugins\/sitepress-multilingual-cms\/res\/flags\/de.png\"\n            alt=\"Allemand\"\n           \n            width=18\n            height=12\n src=\"data:image\/svg+xml;base64,PHN2ZyB3aWR0aD0iMSIgaGVpZ2h0PSIxIiB4bWxucz0iaHR0cDovL3d3dy53My5vcmcvMjAwMC9zdmciPjwvc3ZnPg==\" style=\"--smush-placeholder-width: 18px; --smush-placeholder-aspect-ratio: 18\/12;\" \/><\/a><\/li>\n<\/ul>\t\t\t<\/nav>\n\t\t\t\t\t\t<nav class=\"elementor-nav-menu--dropdown elementor-nav-menu__container\" aria-hidden=\"true\">\n\t\t\t\t<ul id=\"menu-2-488d677\" class=\"elementor-nav-menu\"><li class=\"menu-item menu-item-type-post_type menu-item-object-page menu-item-has-children menu-item-2919\"><a href=\"https:\/\/mallorcapremiumtours.com\/fr\/visites-guidees-a-palma\/\" class=\"elementor-item\" tabindex=\"-1\">Visites \u00e0 Palma<\/a>\n<ul class=\"sub-menu elementor-nav-menu--dropdown\">\n\t<li class=\"menu-item menu-item-type-post_type menu-item-object-page menu-item-8263\"><a href=\"https:\/\/mallorcapremiumtours.com\/fr\/visites-guidees-a-palma\/vieille-ville-majorque\/\" title=\"Visite guid\u00e9e priv\u00e9e de la vieille ville de Palma\" class=\"elementor-sub-item\" tabindex=\"-1\">Visite de la vieille ville de Palma<\/a><\/li>\n\t<li class=\"menu-item menu-item-type-post_type menu-item-object-page menu-item-8301\"><a href=\"https:\/\/mallorcapremiumtours.com\/fr\/visites-guidees-a-palma\/cathedrale-de-majorque\/\" title=\"Visite guid\u00e9e priv\u00e9e de la cath\u00e9drale de Majorque \u00e0 Palma\" class=\"elementor-sub-item\" tabindex=\"-1\">Cath\u00e9drale de Majorque<\/a><\/li>\n\t<li class=\"menu-item menu-item-type-post_type menu-item-object-page menu-item-8294\"><a href=\"https:\/\/mallorcapremiumtours.com\/fr\/visites-guidees-a-palma\/mysteres-et-legendes-de-palma\/\" title=\"Visite nocturne priv\u00e9e : myst\u00e8res et l\u00e9gendes de Palma\" class=\"elementor-sub-item\" tabindex=\"-1\">Myst\u00e8res et l\u00e9gendes de Palma<\/a><\/li>\n<\/ul>\n<\/li>\n<li class=\"menu-item menu-item-type-post_type menu-item-object-page menu-item-has-children menu-item-2936\"><a href=\"https:\/\/mallorcapremiumtours.com\/fr\/tours-a-majorque\/\" class=\"elementor-item\" tabindex=\"-1\">Tours \u00e0 Majorque<\/a>\n<ul class=\"sub-menu elementor-nav-menu--dropdown\">\n\t<li class=\"menu-item menu-item-type-post_type menu-item-object-page menu-item-17785\"><a href=\"https:\/\/mallorcapremiumtours.com\/fr\/tours-a-majorque\/tours-majorque-palma-valldemossa-4h\/\" title=\"Tour priv\u00e9 de 4 heures \u00e0 Palma et Valldemossa avec guide officiel\" class=\"elementor-sub-item\" tabindex=\"-1\">Tour priv\u00e9 Palma &amp; Valldemossa (4h)<\/a><\/li>\n\t<li class=\"menu-item menu-item-type-post_type menu-item-object-page menu-item-17784\"><a href=\"https:\/\/mallorcapremiumtours.com\/fr\/tours-a-majorque\/cathedrale-lonja-bellver-palma-4h\/\" title=\"Tour priv\u00e9 de Palma : cath\u00e9drale, Lonja et ch\u00e2teau de Bellver (4h)\" class=\"elementor-sub-item\" tabindex=\"-1\">Incontournables de Palma : cath\u00e9drale, Lonja et ch\u00e2teau de Bellver (4h)<\/a><\/li>\n\t<li class=\"menu-item menu-item-type-post_type menu-item-object-page menu-item-8413\"><a href=\"https:\/\/mallorcapremiumtours.com\/fr\/tours-a-majorque\/valldemossa-et-soller\/\" title=\"Tour priv\u00e9 d\u2019une journ\u00e9e \u00e0 Valldemossa et S\u00f3ller (Serra de Tramuntana)\" class=\"elementor-sub-item\" tabindex=\"-1\">Valldemossa et S\u00f3ller<\/a><\/li>\n\t<li class=\"menu-item menu-item-type-post_type menu-item-object-page menu-item-23528\"><a href=\"https:\/\/mallorcapremiumtours.com\/fr\/visite-des-caves-de-majorque\/\" class=\"elementor-sub-item\" tabindex=\"-1\">Visite de domaines viticoles \u00e0 Majorque<\/a><\/li>\n\t<li class=\"menu-item menu-item-type-post_type menu-item-object-page menu-item-8392\"><a href=\"https:\/\/mallorcapremiumtours.com\/fr\/tours-a-majorque\/arta-et-les-grottes-darta\/\" title=\"Excursion priv\u00e9e \u00e0 Art\u00e0 et aux grottes d\u2019Art\u00e0 avec chauffeur\" class=\"elementor-sub-item\" tabindex=\"-1\">Art\u00e0 et les grottes d\u2019Art\u00e0<\/a><\/li>\n<\/ul>\n<\/li>\n<li class=\"menu-item menu-item-type-post_type menu-item-object-page menu-item-16914\"><a href=\"https:\/\/mallorcapremiumtours.com\/fr\/nos-guides\/\" class=\"elementor-item\" tabindex=\"-1\">Nos guides<\/a><\/li>\n<li class=\"menu-item menu-item-type-custom menu-item-object-custom menu-item-16435\"><a href=\"https:\/\/mallorcapremiumtours.com\/fr\/blog-fr\/\" class=\"elementor-item\" tabindex=\"-1\">Blog<\/a><\/li>\n<li class=\"menu-item menu-item-type-post_type menu-item-object-page menu-item-13945\"><a href=\"https:\/\/mallorcapremiumtours.com\/fr\/contacter\/\" class=\"elementor-item\" tabindex=\"-1\">Contacter<\/a><\/li>\n<li class=\"menu-item wpml-ls-slot-6 wpml-ls-item wpml-ls-item-es wpml-ls-menu-item wpml-ls-first-item menu-item-type-wpml_ls_menu_item menu-item-object-wpml_ls_menu_item menu-item-wpml-ls-6-es\"><a href=\"https:\/\/mallorcapremiumtours.com\/\" title=\"Passer \u00e0 Espagnol\" aria-label=\"Passer \u00e0 Espagnol\" class=\"elementor-item\" tabindex=\"-1\"><img decoding=\"async\"\n            class=\"wpml-ls-flag lazyload\"\n            data-src=\"https:\/\/mallorcapremiumtours.com\/wp-content\/plugins\/sitepress-multilingual-cms\/res\/flags\/es.png\"\n            alt=\"Espagnol\"\n           \n            width=18\n            height=12\n src=\"data:image\/svg+xml;base64,PHN2ZyB3aWR0aD0iMSIgaGVpZ2h0PSIxIiB4bWxucz0iaHR0cDovL3d3dy53My5vcmcvMjAwMC9zdmciPjwvc3ZnPg==\" style=\"--smush-placeholder-width: 18px; --smush-placeholder-aspect-ratio: 18\/12;\" \/><\/a><\/li>\n<li class=\"menu-item wpml-ls-slot-6 wpml-ls-item wpml-ls-item-en wpml-ls-menu-item menu-item-type-wpml_ls_menu_item menu-item-object-wpml_ls_menu_item menu-item-wpml-ls-6-en\"><a href=\"https:\/\/mallorcapremiumtours.com\/en\/\" title=\"Passer \u00e0 Anglais\" aria-label=\"Passer \u00e0 Anglais\" class=\"elementor-item\" tabindex=\"-1\"><img decoding=\"async\"\n            class=\"wpml-ls-flag lazyload\"\n            data-src=\"https:\/\/mallorcapremiumtours.com\/wp-content\/plugins\/sitepress-multilingual-cms\/res\/flags\/en.png\"\n            alt=\"Anglais\"\n           \n            width=18\n            height=12\n src=\"data:image\/svg+xml;base64,PHN2ZyB3aWR0aD0iMSIgaGVpZ2h0PSIxIiB4bWxucz0iaHR0cDovL3d3dy53My5vcmcvMjAwMC9zdmciPjwvc3ZnPg==\" style=\"--smush-placeholder-width: 18px; --smush-placeholder-aspect-ratio: 18\/12;\" \/><\/a><\/li>\n<li class=\"menu-item wpml-ls-slot-6 wpml-ls-item wpml-ls-item-fr wpml-ls-current-language wpml-ls-menu-item menu-item-type-wpml_ls_menu_item menu-item-object-wpml_ls_menu_item menu-item-wpml-ls-6-fr\"><a href=\"https:\/\/mallorcapremiumtours.com\/fr\/\" aria-current=\"page\" class=\"elementor-item\" tabindex=\"-1\"><img decoding=\"async\"\n            class=\"wpml-ls-flag lazyload\"\n            data-src=\"https:\/\/mallorcapremiumtours.com\/wp-content\/plugins\/sitepress-multilingual-cms\/res\/flags\/fr.png\"\n            alt=\"Fran\u00e7ais\"\n           \n            width=18\n            height=12\n src=\"data:image\/svg+xml;base64,PHN2ZyB3aWR0aD0iMSIgaGVpZ2h0PSIxIiB4bWxucz0iaHR0cDovL3d3dy53My5vcmcvMjAwMC9zdmciPjwvc3ZnPg==\" style=\"--smush-placeholder-width: 18px; --smush-placeholder-aspect-ratio: 18\/12;\" \/><\/a><\/li>\n<li class=\"menu-item wpml-ls-slot-6 wpml-ls-item wpml-ls-item-de wpml-ls-menu-item wpml-ls-last-item menu-item-type-wpml_ls_menu_item menu-item-object-wpml_ls_menu_item menu-item-wpml-ls-6-de\"><a href=\"https:\/\/mallorcapremiumtours.com\/de\/\" title=\"Passer \u00e0 Allemand\" aria-label=\"Passer \u00e0 Allemand\" class=\"elementor-item\" tabindex=\"-1\"><img decoding=\"async\"\n            class=\"wpml-ls-flag lazyload\"\n            data-src=\"https:\/\/mallorcapremiumtours.com\/wp-content\/plugins\/sitepress-multilingual-cms\/res\/flags\/de.png\"\n            alt=\"Allemand\"\n           \n            width=18\n            height=12\n src=\"data:image\/svg+xml;base64,PHN2ZyB3aWR0aD0iMSIgaGVpZ2h0PSIxIiB4bWxucz0iaHR0cDovL3d3dy53My5vcmcvMjAwMC9zdmciPjwvc3ZnPg==\" style=\"--smush-placeholder-width: 18px; --smush-placeholder-aspect-ratio: 18\/12;\" \/><\/a><\/li>\n<\/ul>\t\t\t<\/nav>\n\t\t\t\t\t\t<\/div>\n\t\t\t\t<\/div>\n\t\t\t\t\t<\/div>\n\t\t<\/div>\n\t\t\t\t\t<\/div>\n\t\t<\/section>\n\t\t\t\t\t<\/div>\n\t\t<\/div>\n\t\t\t\t\t<\/div>\n\t\t<\/section>\n\t\t\t\t<\/div>\n\t\t\t\t<\/div>\n\t\t\t\t\t\t<\/div>\n\t\t\t\t<\/div>\n\t\t\t\t<div class=\"elementor-element elementor-element-58992484 elementor-widget elementor-widget-heading\" data-id=\"58992484\" data-element_type=\"widget\" data-e-type=\"widget\" data-widget_type=\"heading.default\">\n\t\t\t\t<div class=\"elementor-widget-container\">\n\t\t\t\t\t<h1 class=\"elementor-heading-title elementor-size-default\">MAJORQUE POUR LA PREMI\u00c8RE FOIS<\/h1>\t\t\t\t<\/div>\n\t\t\t\t<\/div>\n\t\t\t\t<div class=\"elementor-element elementor-element-39c2ca63 elementor-headline--style-highlight elementor-widget elementor-widget-animated-headline\" data-id=\"39c2ca63\" data-element_type=\"widget\" data-e-type=\"widget\" data-settings=\"{&quot;marker&quot;:&quot;underline&quot;,&quot;highlighted_text&quot;:&quot;R\\u00c9SERVATION CONFIRM\\u00c9E&quot;,&quot;headline_style&quot;:&quot;highlight&quot;,&quot;loop&quot;:&quot;yes&quot;,&quot;highlight_animation_duration&quot;:1200,&quot;highlight_iteration_delay&quot;:8000}\" data-widget_type=\"animated-headline.default\">\n\t\t\t\t<div class=\"elementor-widget-container\">\n\t\t\t\t\t\t\t<h2 class=\"elementor-headline\">\n\t\t\t\t<span class=\"elementor-headline-dynamic-wrapper elementor-headline-text-wrapper\">\n\t\t\t\t\t<span class=\"elementor-headline-dynamic-text elementor-headline-text-active\">R\u00c9SERVATION CONFIRM\u00c9E<\/span>\n\t\t\t\t<\/span>\n\t\t\t\t<\/h2>\n\t\t\t\t\t\t<\/div>\n\t\t\t\t<\/div>\n\t\t\t\t<div class=\"elementor-element elementor-element-90a886d elementor-widget elementor-widget-spacer\" data-id=\"90a886d\" data-element_type=\"widget\" data-e-type=\"widget\" data-widget_type=\"spacer.default\">\n\t\t\t\t<div class=\"elementor-widget-container\">\n\t\t\t\t\t\t\t<div class=\"elementor-spacer\">\n\t\t\t<div class=\"elementor-spacer-inner\"><\/div>\n\t\t<\/div>\n\t\t\t\t\t\t<\/div>\n\t\t\t\t<\/div>\n\t\t\t\t<section class=\"elementor-section elementor-inner-section elementor-element elementor-element-44439e5 elementor-section-boxed elementor-section-height-default elementor-section-height-default\" data-id=\"44439e5\" data-element_type=\"section\" data-e-type=\"section\">\n\t\t\t\t\t\t<div class=\"elementor-container elementor-column-gap-default\">\n\t\t\t\t\t<div class=\"elementor-column elementor-col-50 elementor-inner-column elementor-element elementor-element-cb3e954\" data-id=\"cb3e954\" data-element_type=\"column\" data-e-type=\"column\">\n\t\t\t<div class=\"elementor-widget-wrap elementor-element-populated\">\n\t\t\t\t\t\t<div class=\"elementor-element elementor-element-7fb0018d elementor-widget elementor-widget-image\" data-id=\"7fb0018d\" data-element_type=\"widget\" data-e-type=\"widget\" data-widget_type=\"image.default\">\n\t\t\t\t<div class=\"elementor-widget-container\">\n\t\t\t\t\t\t\t\t\t\t\t\t\t\t\t\t<a href=\"https:\/\/www.google.com\/maps\/place\/Informaci%C3%B3+Tur%C3%ADstica+Ajuntament+de+Palma\/@39.5672599,2.6469579,17.25z\/data=!4m5!3m4!1s0x0:0x9a412412e9e58354!8m2!3d39.566965!4d2.6455526\">\n\t\t\t\t\t\t\t<img decoding=\"async\" width=\"500\" height=\"400\" data-src=\"https:\/\/mallorcapremiumtours.com\/\/wp-content\/uploads\/2023\/06\/Palma-y-Valldemossa.jpg\" class=\"elementor-animation-grow attachment-medium_large size-medium_large wp-image-18348 lazyload\" alt=\"tour-privado-palma-y-valldemossa-4-horas\" data-srcset=\"https:\/\/mallorcapremiumtours.com\/\/wp-content\/uploads\/2023\/06\/Palma-y-Valldemossa.jpg 500w, https:\/\/mallorcapremiumtours.com\/\/wp-content\/uploads\/2023\/06\/Palma-y-Valldemossa-300x240.jpg 300w\" data-sizes=\"(max-width: 500px) 100vw, 500px\" src=\"data:image\/svg+xml;base64,PHN2ZyB3aWR0aD0iMSIgaGVpZ2h0PSIxIiB4bWxucz0iaHR0cDovL3d3dy53My5vcmcvMjAwMC9zdmciPjwvc3ZnPg==\" style=\"--smush-placeholder-width: 500px; --smush-placeholder-aspect-ratio: 500\/400;\" \/>\t\t\t\t\t\t\t\t<\/a>\n\t\t\t\t\t\t\t\t\t\t\t\t\t\t\t<\/div>\n\t\t\t\t<\/div>\n\t\t\t\t\t<\/div>\n\t\t<\/div>\n\t\t\t\t<div class=\"elementor-column elementor-col-50 elementor-inner-column elementor-element elementor-element-6c8a0d1a\" data-id=\"6c8a0d1a\" data-element_type=\"column\" data-e-type=\"column\">\n\t\t\t<div class=\"elementor-widget-wrap elementor-element-populated\">\n\t\t\t\t\t\t<div class=\"elementor-element elementor-element-2f1e1e18 elementor-widget elementor-widget-text-editor\" data-id=\"2f1e1e18\" data-element_type=\"widget\" data-e-type=\"widget\" data-widget_type=\"text-editor.default\">\n\t\t\t\t<div class=\"elementor-widget-container\">\n\t\t\t\t\t\t\t\t\t<p><strong>Si vous avez des questions :<\/strong><\/p>\n<p><span style=\"color: #333333;\">Telf: +34 683 317192<br \/>\ninfo@mallorcapremiumtours.com<\/span><\/p>\n<p><strong>N&rsquo;oubliez pas de v\u00e9rifier vos spams<\/strong><\/p>\n\t\t\t\t\t\t\t\t<\/div>\n\t\t\t\t<\/div>\n\t\t\t\t\t<\/div>\n\t\t<\/div>\n\t\t\t\t\t<\/div>\n\t\t<\/section>\n\t\t\t\t<div class=\"elementor-element elementor-element-14235d9e elementor-widget elementor-widget-spacer\" data-id=\"14235d9e\" data-element_type=\"widget\" data-e-type=\"widget\" data-widget_type=\"spacer.default\">\n\t\t\t\t<div class=\"elementor-widget-container\">\n\t\t\t\t\t\t\t<div class=\"elementor-spacer\">\n\t\t\t<div class=\"elementor-spacer-inner\"><\/div>\n\t\t<\/div>\n\t\t\t\t\t\t<\/div>\n\t\t\t\t<\/div>\n\t\t\t\t<section class=\"elementor-section elementor-inner-section elementor-element elementor-element-4c122487 elementor-section-boxed elementor-section-height-default elementor-section-height-default\" data-id=\"4c122487\" data-element_type=\"section\" data-e-type=\"section\">\n\t\t\t\t\t\t<div class=\"elementor-container elementor-column-gap-default\">\n\t\t\t\t\t<div class=\"elementor-column elementor-col-100 elementor-inner-column elementor-element elementor-element-1a47f96c\" data-id=\"1a47f96c\" data-element_type=\"column\" data-e-type=\"column\">\n\t\t\t<div class=\"elementor-widget-wrap elementor-element-populated\">\n\t\t\t\t\t\t<div class=\"elementor-element elementor-element-3eeabdd7 elementor-align-center elementor-widget elementor-widget-button\" data-id=\"3eeabdd7\" data-element_type=\"widget\" data-e-type=\"widget\" data-widget_type=\"button.default\">\n\t\t\t\t<div class=\"elementor-widget-container\">\n\t\t\t\t\t\t\t\t\t<div class=\"elementor-button-wrapper\">\n\t\t\t\t\t<a class=\"elementor-button elementor-button-link elementor-size-md\" href=\"https:\/\/mallorcapremiumtours.com\/fr\/\">\n\t\t\t\t\t\t<span class=\"elementor-button-content-wrapper\">\n\t\t\t\t\t\t<span class=\"elementor-button-icon\">\n\t\t\t\t<i aria-hidden=\"true\" class=\"fas fa-bars\"><\/i>\t\t\t<\/span>\n\t\t\t\t\t\t\t\t\t<span class=\"elementor-button-text\">Home<\/span>\n\t\t\t\t\t<\/span>\n\t\t\t\t\t<\/a>\n\t\t\t\t<\/div>\n\t\t\t\t\t\t\t\t<\/div>\n\t\t\t\t<\/div>\n\t\t\t\t\t<\/div>\n\t\t<\/div>\n\t\t\t\t\t<\/div>\n\t\t<\/section>\n\t\t\t\t\t<\/div>\n\t\t<\/div>\n\t\t\t\t\t<\/div>\n\t\t<\/section>\n\t\t\t\t<\/div>\n\t\t","protected":false},"excerpt":{"rendered":"<p>MAJORQUE POUR LA PREMI\u00c8RE FOIS R\u00c9SERVATION CONFIRM\u00c9E Si vous avez des questions : Telf: +34 683 317192 info@mallorcapremiumtours.com N&rsquo;oubliez pas de v\u00e9rifier vos spams Home<\/p>\n","protected":false},"author":1,"featured_media":0,"parent":0,"menu_order":0,"comment_status":"closed","ping_status":"closed","template":"elementor_header_footer","meta":{"footnotes":""},"class_list":["post-18360","page","type-page","status-publish"],"yoast_head":"<!-- This site is optimized with the Yoast SEO plugin v27.3 - https:\/\/yoast.com\/product\/yoast-seo-wordpress\/ -->\n<title>R\u00e9servation confirm\u00e9e - Majorque pour la premi\u00e8re fois<\/title>\n<meta name=\"description\" content=\"R\u00e9servation confirm\u00e9e - Majorque pour la premi\u00e8re fois\" \/>\n<meta name=\"robots\" content=\"index, follow, max-snippet:-1, max-image-preview:large, max-video-preview:-1\" \/>\n<link rel=\"canonical\" href=\"https:\/\/mallorcapremiumtours.com\/fr\/reservation-confirmee-majorque-pour-la-premiere-fois\/\" \/>\n<meta property=\"og:locale\" content=\"fr_FR\" \/>\n<meta property=\"og:type\" content=\"article\" \/>\n<meta property=\"og:title\" content=\"R\u00e9servation confirm\u00e9e - Majorque pour la premi\u00e8re fois\" \/>\n<meta property=\"og:description\" content=\"R\u00e9servation confirm\u00e9e - Majorque pour la premi\u00e8re fois\" \/>\n<meta property=\"og:url\" content=\"https:\/\/mallorcapremiumtours.com\/fr\/reservation-confirmee-majorque-pour-la-premiere-fois\/\" \/>\n<meta property=\"og:site_name\" content=\"Mallorca Premium Tours\" \/>\n<meta property=\"article:publisher\" content=\"https:\/\/www.facebook.com\/mallorcapremiumtours\/\" \/>\n<meta property=\"article:modified_time\" content=\"2023-06-20T09:56:26+00:00\" \/>\n<meta property=\"og:image\" content=\"https:\/\/mallorcapremiumtours.com\/\/wp-content\/uploads\/2023\/06\/Palma-y-Valldemossa.jpg\" \/>\n<meta name=\"twitter:card\" content=\"summary_large_image\" \/>\n<meta name=\"twitter:label1\" content=\"Dur\u00e9e de lecture estim\u00e9e\" \/>\n\t<meta name=\"twitter:data1\" content=\"1 minute\" \/>\n<script type=\"application\/ld+json\" class=\"yoast-schema-graph\">{\"@context\":\"https:\\\/\\\/schema.org\",\"@graph\":[{\"@type\":\"WebPage\",\"@id\":\"https:\\\/\\\/mallorcapremiumtours.com\\\/fr\\\/reservation-confirmee-majorque-pour-la-premiere-fois\\\/\",\"url\":\"https:\\\/\\\/mallorcapremiumtours.com\\\/fr\\\/reservation-confirmee-majorque-pour-la-premiere-fois\\\/\",\"name\":\"R\u00e9servation confirm\u00e9e - Majorque pour la premi\u00e8re fois\",\"isPartOf\":{\"@id\":\"https:\\\/\\\/mallorcapremiumtours.com\\\/#website\"},\"primaryImageOfPage\":{\"@id\":\"https:\\\/\\\/mallorcapremiumtours.com\\\/fr\\\/reservation-confirmee-majorque-pour-la-premiere-fois\\\/#primaryimage\"},\"image\":{\"@id\":\"https:\\\/\\\/mallorcapremiumtours.com\\\/fr\\\/reservation-confirmee-majorque-pour-la-premiere-fois\\\/#primaryimage\"},\"thumbnailUrl\":\"https:\\\/\\\/mallorcapremiumtours.com\\\/\\\/wp-content\\\/uploads\\\/2023\\\/06\\\/Palma-y-Valldemossa.jpg\",\"datePublished\":\"2023-06-20T09:45:01+00:00\",\"dateModified\":\"2023-06-20T09:56:26+00:00\",\"description\":\"R\u00e9servation confirm\u00e9e - Majorque pour la premi\u00e8re fois\",\"breadcrumb\":{\"@id\":\"https:\\\/\\\/mallorcapremiumtours.com\\\/fr\\\/reservation-confirmee-majorque-pour-la-premiere-fois\\\/#breadcrumb\"},\"inLanguage\":\"fr-FR\",\"potentialAction\":[{\"@type\":\"ReadAction\",\"target\":[\"https:\\\/\\\/mallorcapremiumtours.com\\\/fr\\\/reservation-confirmee-majorque-pour-la-premiere-fois\\\/\"]}]},{\"@type\":\"ImageObject\",\"inLanguage\":\"fr-FR\",\"@id\":\"https:\\\/\\\/mallorcapremiumtours.com\\\/fr\\\/reservation-confirmee-majorque-pour-la-premiere-fois\\\/#primaryimage\",\"url\":\"https:\\\/\\\/mallorcapremiumtours.com\\\/\\\/wp-content\\\/uploads\\\/2023\\\/06\\\/Palma-y-Valldemossa.jpg\",\"contentUrl\":\"https:\\\/\\\/mallorcapremiumtours.com\\\/\\\/wp-content\\\/uploads\\\/2023\\\/06\\\/Palma-y-Valldemossa.jpg\"},{\"@type\":\"BreadcrumbList\",\"@id\":\"https:\\\/\\\/mallorcapremiumtours.com\\\/fr\\\/reservation-confirmee-majorque-pour-la-premiere-fois\\\/#breadcrumb\",\"itemListElement\":[{\"@type\":\"ListItem\",\"position\":1,\"name\":\"Portada\",\"item\":\"https:\\\/\\\/mallorcapremiumtours.com\\\/fr\\\/\"},{\"@type\":\"ListItem\",\"position\":2,\"name\":\"R\u00e9servation confirm\u00e9e &#8211; Majorque pour la premi\u00e8re fois\"}]},{\"@type\":\"WebSite\",\"@id\":\"https:\\\/\\\/mallorcapremiumtours.com\\\/#website\",\"url\":\"https:\\\/\\\/mallorcapremiumtours.com\\\/\",\"name\":\"Mallorca Premium Tours\",\"description\":\"Visitas guiadas exclusivas Palma de Mallorca\",\"publisher\":{\"@id\":\"https:\\\/\\\/mallorcapremiumtours.com\\\/#organization\"},\"potentialAction\":[{\"@type\":\"SearchAction\",\"target\":{\"@type\":\"EntryPoint\",\"urlTemplate\":\"https:\\\/\\\/mallorcapremiumtours.com\\\/?s={search_term_string}\"},\"query-input\":{\"@type\":\"PropertyValueSpecification\",\"valueRequired\":true,\"valueName\":\"search_term_string\"}}],\"inLanguage\":\"fr-FR\"},{\"@type\":\"Organization\",\"@id\":\"https:\\\/\\\/mallorcapremiumtours.com\\\/#organization\",\"name\":\"Mallorca Premium Tours\",\"url\":\"https:\\\/\\\/mallorcapremiumtours.com\\\/\",\"logo\":{\"@type\":\"ImageObject\",\"inLanguage\":\"fr-FR\",\"@id\":\"https:\\\/\\\/mallorcapremiumtours.com\\\/#\\\/schema\\\/logo\\\/image\\\/\",\"url\":\"https:\\\/\\\/mallorcapremiumtours.com\\\/\\\/wp-content\\\/uploads\\\/2023\\\/03\\\/Premium-tours-sin-fondo-reducida-ESP.png\",\"contentUrl\":\"https:\\\/\\\/mallorcapremiumtours.com\\\/\\\/wp-content\\\/uploads\\\/2023\\\/03\\\/Premium-tours-sin-fondo-reducida-ESP.png\",\"width\":608,\"height\":608,\"caption\":\"Mallorca Premium Tours\"},\"image\":{\"@id\":\"https:\\\/\\\/mallorcapremiumtours.com\\\/#\\\/schema\\\/logo\\\/image\\\/\"},\"sameAs\":[\"https:\\\/\\\/www.facebook.com\\\/mallorcapremiumtours\\\/\"]}]}<\/script>\n<!-- \/ Yoast SEO plugin. -->","yoast_head_json":{"title":"R\u00e9servation confirm\u00e9e - Majorque pour la premi\u00e8re fois","description":"R\u00e9servation confirm\u00e9e - Majorque pour la premi\u00e8re fois","robots":{"index":"index","follow":"follow","max-snippet":"max-snippet:-1","max-image-preview":"max-image-preview:large","max-video-preview":"max-video-preview:-1"},"canonical":"https:\/\/mallorcapremiumtours.com\/fr\/reservation-confirmee-majorque-pour-la-premiere-fois\/","og_locale":"fr_FR","og_type":"article","og_title":"R\u00e9servation confirm\u00e9e - Majorque pour la premi\u00e8re fois","og_description":"R\u00e9servation confirm\u00e9e - Majorque pour la premi\u00e8re fois","og_url":"https:\/\/mallorcapremiumtours.com\/fr\/reservation-confirmee-majorque-pour-la-premiere-fois\/","og_site_name":"Mallorca Premium Tours","article_publisher":"https:\/\/www.facebook.com\/mallorcapremiumtours\/","article_modified_time":"2023-06-20T09:56:26+00:00","og_image":[{"url":"https:\/\/mallorcapremiumtours.com\/\/wp-content\/uploads\/2023\/06\/Palma-y-Valldemossa.jpg","type":"","width":"","height":""}],"twitter_card":"summary_large_image","twitter_misc":{"Dur\u00e9e de lecture estim\u00e9e":"1 minute"},"schema":{"@context":"https:\/\/schema.org","@graph":[{"@type":"WebPage","@id":"https:\/\/mallorcapremiumtours.com\/fr\/reservation-confirmee-majorque-pour-la-premiere-fois\/","url":"https:\/\/mallorcapremiumtours.com\/fr\/reservation-confirmee-majorque-pour-la-premiere-fois\/","name":"R\u00e9servation confirm\u00e9e - Majorque pour la premi\u00e8re fois","isPartOf":{"@id":"https:\/\/mallorcapremiumtours.com\/#website"},"primaryImageOfPage":{"@id":"https:\/\/mallorcapremiumtours.com\/fr\/reservation-confirmee-majorque-pour-la-premiere-fois\/#primaryimage"},"image":{"@id":"https:\/\/mallorcapremiumtours.com\/fr\/reservation-confirmee-majorque-pour-la-premiere-fois\/#primaryimage"},"thumbnailUrl":"https:\/\/mallorcapremiumtours.com\/\/wp-content\/uploads\/2023\/06\/Palma-y-Valldemossa.jpg","datePublished":"2023-06-20T09:45:01+00:00","dateModified":"2023-06-20T09:56:26+00:00","description":"R\u00e9servation confirm\u00e9e - Majorque pour la premi\u00e8re fois","breadcrumb":{"@id":"https:\/\/mallorcapremiumtours.com\/fr\/reservation-confirmee-majorque-pour-la-premiere-fois\/#breadcrumb"},"inLanguage":"fr-FR","potentialAction":[{"@type":"ReadAction","target":["https:\/\/mallorcapremiumtours.com\/fr\/reservation-confirmee-majorque-pour-la-premiere-fois\/"]}]},{"@type":"ImageObject","inLanguage":"fr-FR","@id":"https:\/\/mallorcapremiumtours.com\/fr\/reservation-confirmee-majorque-pour-la-premiere-fois\/#primaryimage","url":"https:\/\/mallorcapremiumtours.com\/\/wp-content\/uploads\/2023\/06\/Palma-y-Valldemossa.jpg","contentUrl":"https:\/\/mallorcapremiumtours.com\/\/wp-content\/uploads\/2023\/06\/Palma-y-Valldemossa.jpg"},{"@type":"BreadcrumbList","@id":"https:\/\/mallorcapremiumtours.com\/fr\/reservation-confirmee-majorque-pour-la-premiere-fois\/#breadcrumb","itemListElement":[{"@type":"ListItem","position":1,"name":"Portada","item":"https:\/\/mallorcapremiumtours.com\/fr\/"},{"@type":"ListItem","position":2,"name":"R\u00e9servation confirm\u00e9e &#8211; Majorque pour la premi\u00e8re fois"}]},{"@type":"WebSite","@id":"https:\/\/mallorcapremiumtours.com\/#website","url":"https:\/\/mallorcapremiumtours.com\/","name":"Mallorca Premium Tours","description":"Visitas guiadas exclusivas Palma de Mallorca","publisher":{"@id":"https:\/\/mallorcapremiumtours.com\/#organization"},"potentialAction":[{"@type":"SearchAction","target":{"@type":"EntryPoint","urlTemplate":"https:\/\/mallorcapremiumtours.com\/?s={search_term_string}"},"query-input":{"@type":"PropertyValueSpecification","valueRequired":true,"valueName":"search_term_string"}}],"inLanguage":"fr-FR"},{"@type":"Organization","@id":"https:\/\/mallorcapremiumtours.com\/#organization","name":"Mallorca Premium Tours","url":"https:\/\/mallorcapremiumtours.com\/","logo":{"@type":"ImageObject","inLanguage":"fr-FR","@id":"https:\/\/mallorcapremiumtours.com\/#\/schema\/logo\/image\/","url":"https:\/\/mallorcapremiumtours.com\/\/wp-content\/uploads\/2023\/03\/Premium-tours-sin-fondo-reducida-ESP.png","contentUrl":"https:\/\/mallorcapremiumtours.com\/\/wp-content\/uploads\/2023\/03\/Premium-tours-sin-fondo-reducida-ESP.png","width":608,"height":608,"caption":"Mallorca Premium Tours"},"image":{"@id":"https:\/\/mallorcapremiumtours.com\/#\/schema\/logo\/image\/"},"sameAs":["https:\/\/www.facebook.com\/mallorcapremiumtours\/"]}]}},"_links":{"self":[{"href":"https:\/\/mallorcapremiumtours.com\/fr\/wp-json\/wp\/v2\/pages\/18360","targetHints":{"allow":["GET"]}}],"collection":[{"href":"https:\/\/mallorcapremiumtours.com\/fr\/wp-json\/wp\/v2\/pages"}],"about":[{"href":"https:\/\/mallorcapremiumtours.com\/fr\/wp-json\/wp\/v2\/types\/page"}],"author":[{"embeddable":true,"href":"https:\/\/mallorcapremiumtours.com\/fr\/wp-json\/wp\/v2\/users\/1"}],"replies":[{"embeddable":true,"href":"https:\/\/mallorcapremiumtours.com\/fr\/wp-json\/wp\/v2\/comments?post=18360"}],"version-history":[{"count":2,"href":"https:\/\/mallorcapremiumtours.com\/fr\/wp-json\/wp\/v2\/pages\/18360\/revisions"}],"predecessor-version":[{"id":18363,"href":"https:\/\/mallorcapremiumtours.com\/fr\/wp-json\/wp\/v2\/pages\/18360\/revisions\/18363"}],"wp:attachment":[{"href":"https:\/\/mallorcapremiumtours.com\/fr\/wp-json\/wp\/v2\/media?parent=18360"}],"curies":[{"name":"wp","href":"https:\/\/api.w.org\/{rel}","templated":true}]}}